{"id":806,"date":"2019-04-28T09:50:21","date_gmt":"2019-04-28T09:50:21","guid":{"rendered":"https:\/\/g3g.stams-it.com\/?page_id=806"},"modified":"2021-08-01T11:14:47","modified_gmt":"2021-08-01T11:14:47","slug":"nouvelles","status":"publish","type":"page","link":"https:\/\/www.gift2give.be\/fr\/nouvelles\/","title":{"rendered":"Nouvelles"},"content":{"rendered":"<div class=\"fusion-fullwidth fullwidth-box fusion-builder-row-1 fusion-flex-container nonhundred-percent-fullwidth non-hundred-percent-height-scrolling\" style=\"background-color: rgba(255,255,255,0);background-position: center center;background-repeat: no-repeat;border-width: 0px 0px 0px 0px;border-color:#eae9e9;border-style:solid;\" ><div class=\"fusion-builder-row fusion-row fusion-flex-align-items-flex-start\" style=\"max-width:1216.8px;margin-left: calc(-4% \/ 2 );margin-right: calc(-4% \/ 2 );\"><div class=\"fusion-layout-column fusion_builder_column fusion-builder-column-0 fusion_builder_column_1_1 1_1 fusion-flex-column\"><div class=\"fusion-column-wrapper fusion-flex-justify-content-flex-start fusion-content-layout-column\" style=\"background-position:left top;background-repeat:no-repeat;-webkit-background-size:cover;-moz-background-size:cover;-o-background-size:cover;background-size:cover;padding: 0px 0px 0px 0px;\"><div class=\"fusion-blog-shortcode fusion-blog-shortcode-1 fusion-blog-archive fusion-blog-layout-medium-alternate fusion-blog-no\"><div class=\"fusion-posts-container fusion-posts-container-no fusion-no-meta-info fusion-blog-rollover\" data-pages=\"0\"><article id=\"blog-1-post-2547\" class=\"fusion-post-medium-alternate post-2547 post type-post status-publish format-standard has-post-thumbnail hentry category-nouvelles tag-108 tag-cheque-cadeau tag-corona tag-economie-locale tag-gift2give tag-wielsbeke\">\n<div class=\"fusion-date-and-formats\"><div class=\"fusion-date-box updated\"><span class=\"fusion-date\">3<\/span><span class=\"fusion-month-year\">10, 2022<\/span><\/div><div class=\"fusion-format-box\"><i class=\"awb-icon-pen\" aria-hidden=\"true\"><\/i><\/div><\/div>\t<style type=\"text\/css\">\n\t\t\n\t\t\n\t\t\n\t\t\n\t\t\t<\/style>\n\n\n\t\t\t<div class=\"fusion-flexslider flexslider fusion-flexslider-loading fusion-post-slideshow\" style=\"\">\n\t\t<ul class=\"slides\">\n\t\t\t\n\t\t\t\t\t\t\t\t\t\t\t\t\t\t<li><div  class=\"fusion-image-wrapper fusion-image-size-fixed\" aria-haspopup=\"true\">\n\t\t\t\t<img width=\"320\" height=\"152\" src=\"https:\/\/www.gift2give.be\/fr\/wp-content\/uploads\/2022\/06\/Wielsbeke.png\" class=\"attachment-blog-medium size-blog-medium wp-post-image\" alt=\"\" \/><div class=\"fusion-rollover\">\n\t<div class=\"fusion-rollover-content\">\n\n\t\t\t\t\t\t\t\t\t\t\t\t\t\t<a class=\"fusion-rollover-link\" href=\"https:\/\/www.gift2give.be\/fr\/nouvelles\/les-habitants-de-wielsbeke-recoit-un-bon-d-achat-de-10-euros\/\">Les habitants de Wielsbeke re\u00e7oit un bon d&#8217;achat de 10 euros<\/a>\n\t\t\t\n\t\t\t\t\t\t\t\t\t\t\t\t\t\t\n\t\t\t\t\t\t\t\t\n\t\t\t\t\t\t\t\t\t\t\t\t\t<div class=\"fusion-rollover-sep\"><\/div>\n\t\t\t\t\n\t\t\t\t\t\t\t\t\t\t\t\t\t\t\t\t\t\t<a class=\"fusion-rollover-gallery\" href=\"https:\/\/www.gift2give.be\/fr\/wp-content\/uploads\/2022\/06\/Wielsbeke.png\" data-id=\"2547\" data-rel=\"iLightbox[gallery]\" data-title=\"Wielsbeke\" data-caption=\"\">\n\t\t\t\t\t\tGallery\t\t\t\t\t<\/a>\n\t\t\t\t\t\t\t\t\t\t\t\t\t\t\n\t\t\n\t\t\t\t\t\t\t\t\t\t\t\t<h4 class=\"fusion-rollover-title\">\n\t\t\t\t\t<a class=\"fusion-rollover-title-link\" href=\"https:\/\/www.gift2give.be\/fr\/nouvelles\/les-habitants-de-wielsbeke-recoit-un-bon-d-achat-de-10-euros\/\">\n\t\t\t\t\t\tLes habitants de Wielsbeke re\u00e7oit un bon d&#8217;achat de 10 euros\t\t\t\t\t<\/a>\n\t\t\t\t<\/h4>\n\t\t\t\n\t\t\t\t\t\t\t\t\t\t<div class=\"fusion-rollover-categories\"><a href=\"https:\/\/www.gift2give.be\/fr\/category\/nouvelles\/\" rel=\"tag\">nouvelles<\/a><\/div>\t\t\t\t\t\n\t\t\n\t\t\t\t\t\t<a class=\"fusion-link-wrapper\" href=\"https:\/\/www.gift2give.be\/fr\/nouvelles\/les-habitants-de-wielsbeke-recoit-un-bon-d-achat-de-10-euros\/\" aria-label=\"Les habitants de Wielsbeke re\u00e7oit un bon d&#8217;achat de 10 euros\"><\/a>\n\t<\/div>\n<\/div>\n<\/div>\n<\/li>\n\t\t\t\n\t\t\t\n\t\t\t\t\t\t\t\t\t\t\t\t\t\t\t\t\t\t\t\t\t\t\t\t\t\t\t\t\t\t\t\t\t\t\t\t\t\t\t\t\t\t\t\t\t\t\t\t\t\t\t\t\t\t\t\t\t\t\t\t\t\t\t\t\t\t\t\t<\/ul>\n\t<\/div>\n\t<div class=\"fusion-post-content post-content\"><h2 class=\"blog-shortcode-post-title entry-title\"><a href=\"https:\/\/www.gift2give.be\/fr\/nouvelles\/les-habitants-de-wielsbeke-recoit-un-bon-d-achat-de-10-euros\/\">Les habitants de Wielsbeke re\u00e7oit un bon d&#8217;achat de 10 euros<\/a><\/h2><div class=\"fusion-post-content-container\"><p>       Dans le cadre du plan de relance de la commune de Wielsbeke, chaque famille de Wielsbeke, Ooigem et Sint-Baafs-Vijve a re\u00e7u un \"Wielsbeke Event Voucher\" d'une valeur de 10 euros. Ce bon peut \u00eatre utilis\u00e9 pour une collation et\/ou une boisson pendant les 'Ooigemse [...]<\/p><\/div><\/div><div class=\"fusion-clearfix\"><\/div><\/article>\n<article id=\"blog-1-post-2541\" class=\"fusion-post-medium-alternate post-2541 post type-post status-publish format-standard has-post-thumbnail hentry category-nouvelles tag-108 tag-cheque-cadeau tag-corona tag-economie-locale tag-gift2give tag-schilde\">\n<div class=\"fusion-date-and-formats\"><div class=\"fusion-date-box updated\"><span class=\"fusion-date\">3<\/span><span class=\"fusion-month-year\">06, 2022<\/span><\/div><div class=\"fusion-format-box\"><i class=\"awb-icon-pen\" aria-hidden=\"true\"><\/i><\/div><\/div>\t<style type=\"text\/css\">\n\t\t\n\t\t\n\t\t\n\t\t\n\t\t\t<\/style>\n\n\n\t\t\t<div class=\"fusion-flexslider flexslider fusion-flexslider-loading fusion-post-slideshow\" style=\"\">\n\t\t<ul class=\"slides\">\n\t\t\t\n\t\t\t\t\t\t\t\t\t\t\t\t\t\t<li><div  class=\"fusion-image-wrapper fusion-image-size-fixed\" aria-haspopup=\"true\">\n\t\t\t\t<img width=\"313\" height=\"202\" src=\"https:\/\/www.gift2give.be\/fr\/wp-content\/uploads\/2022\/06\/Schilde.png\" class=\"attachment-blog-medium size-blog-medium wp-post-image\" alt=\"\" \/><div class=\"fusion-rollover\">\n\t<div class=\"fusion-rollover-content\">\n\n\t\t\t\t\t\t\t\t\t\t\t\t\t\t<a class=\"fusion-rollover-link\" href=\"https:\/\/www.gift2give.be\/fr\/nouvelles\/schilde-commence-avec-une-nouvelle-carte-cadeau-numerique-et-physique\/\">Schilde commence avec une nouvelle carte-cadeau num\u00e9rique et physique<\/a>\n\t\t\t\n\t\t\t\t\t\t\t\t\t\t\t\t\t\t\n\t\t\t\t\t\t\t\t\n\t\t\t\t\t\t\t\t\t\t\t\t\t<div class=\"fusion-rollover-sep\"><\/div>\n\t\t\t\t\n\t\t\t\t\t\t\t\t\t\t\t\t\t\t\t\t\t\t<a class=\"fusion-rollover-gallery\" href=\"https:\/\/www.gift2give.be\/fr\/wp-content\/uploads\/2022\/06\/Schilde.png\" data-id=\"2541\" data-rel=\"iLightbox[gallery]\" data-title=\"Schilde\" data-caption=\"\">\n\t\t\t\t\t\tGallery\t\t\t\t\t<\/a>\n\t\t\t\t\t\t\t\t\t\t\t\t\t\t\n\t\t\n\t\t\t\t\t\t\t\t\t\t\t\t<h4 class=\"fusion-rollover-title\">\n\t\t\t\t\t<a class=\"fusion-rollover-title-link\" href=\"https:\/\/www.gift2give.be\/fr\/nouvelles\/schilde-commence-avec-une-nouvelle-carte-cadeau-numerique-et-physique\/\">\n\t\t\t\t\t\tSchilde commence avec une nouvelle carte-cadeau num\u00e9rique et physique\t\t\t\t\t<\/a>\n\t\t\t\t<\/h4>\n\t\t\t\n\t\t\t\t\t\t\t\t\t\t<div class=\"fusion-rollover-categories\"><a href=\"https:\/\/www.gift2give.be\/fr\/category\/nouvelles\/\" rel=\"tag\">nouvelles<\/a><\/div>\t\t\t\t\t\n\t\t\n\t\t\t\t\t\t<a class=\"fusion-link-wrapper\" href=\"https:\/\/www.gift2give.be\/fr\/nouvelles\/schilde-commence-avec-une-nouvelle-carte-cadeau-numerique-et-physique\/\" aria-label=\"Schilde commence avec une nouvelle carte-cadeau num\u00e9rique et physique\"><\/a>\n\t<\/div>\n<\/div>\n<\/div>\n<\/li>\n\t\t\t\n\t\t\t\n\t\t\t\t\t\t\t\t\t\t\t\t\t\t\t\t\t\t\t\t\t\t\t\t\t\t\t\t\t\t\t\t\t\t\t\t\t\t\t\t\t\t\t\t\t\t\t\t\t\t\t\t\t\t\t\t\t\t\t\t\t\t\t\t\t\t\t\t<\/ul>\n\t<\/div>\n\t<div class=\"fusion-post-content post-content\"><h2 class=\"blog-shortcode-post-title entry-title\"><a href=\"https:\/\/www.gift2give.be\/fr\/nouvelles\/schilde-commence-avec-une-nouvelle-carte-cadeau-numerique-et-physique\/\">Schilde commence avec une nouvelle carte-cadeau num\u00e9rique et physique<\/a><\/h2><div class=\"fusion-post-content-container\"><p>      Le ch\u00e8que-cadeau num\u00e9rique 'Schilde Bien S\u00fbr' est le successeur du ch\u00e8que-cadeau papier. Les bons ont (en option) une valeur fixe de 15, 25 ou 50 euros ou un montant sup\u00e9rieur de votre choix d'un maximum de 150 euros. Avec le ch\u00e8que-cadeau num\u00e9rique, vous pouvez vous [...]<\/p><\/div><\/div><div class=\"fusion-clearfix\"><\/div><\/article>\n<article id=\"blog-1-post-2523\" class=\"fusion-post-medium-alternate post-2523 post type-post status-publish format-standard has-post-thumbnail hentry category-nouvelles tag-108 tag-anvers tag-cheque-cadeau tag-corona tag-economie-locale tag-gift2give\">\n<div class=\"fusion-date-and-formats\"><div class=\"fusion-date-box updated\"><span class=\"fusion-date\">1<\/span><span class=\"fusion-month-year\">03, 2022<\/span><\/div><div class=\"fusion-format-box\"><i class=\"awb-icon-pen\" aria-hidden=\"true\"><\/i><\/div><\/div>\t<style type=\"text\/css\">\n\t\t\n\t\t\n\t\t\n\t\t\n\t\t\t<\/style>\n\n\n\t\t\t<div class=\"fusion-flexslider flexslider fusion-flexslider-loading fusion-post-slideshow\" style=\"\">\n\t\t<ul class=\"slides\">\n\t\t\t\n\t\t\t\t\t\t\t\t\t\t\t\t\t\t<li><div  class=\"fusion-image-wrapper fusion-image-size-fixed\" aria-haspopup=\"true\">\n\t\t\t\t<img width=\"289\" height=\"202\" src=\"https:\/\/www.gift2give.be\/fr\/wp-content\/uploads\/2022\/02\/whim-bonus.png\" class=\"attachment-blog-medium size-blog-medium wp-post-image\" alt=\"\" \/><div class=\"fusion-rollover\">\n\t<div class=\"fusion-rollover-content\">\n\n\t\t\t\t\t\t\t\t\t\t\t\t\t\t<a class=\"fusion-rollover-link\" href=\"https:\/\/www.gift2give.be\/fr\/nouvelles\/cheques-mobilite-pour-les-employes-payez-40-et-recevez-65-credits-avec-lapplication-whim\/\">Ch\u00e8ques mobilit\u00e9 pour les employ\u00e9s : payez \u20ac40 et recevez \u20ac65 cr\u00e9dits avec l&#8217;application Whim.<\/a>\n\t\t\t\n\t\t\t\t\t\t\t\t\t\t\t\t\t\t\n\t\t\t\t\t\t\t\t\n\t\t\t\t\t\t\t\t\t\t\t\t\t<div class=\"fusion-rollover-sep\"><\/div>\n\t\t\t\t\n\t\t\t\t\t\t\t\t\t\t\t\t\t\t\t\t\t\t<a class=\"fusion-rollover-gallery\" href=\"https:\/\/www.gift2give.be\/fr\/wp-content\/uploads\/2022\/02\/whim-bonus.png\" data-id=\"2523\" data-rel=\"iLightbox[gallery]\" data-title=\"whim-bonus\" data-caption=\"\">\n\t\t\t\t\t\tGallery\t\t\t\t\t<\/a>\n\t\t\t\t\t\t\t\t\t\t\t\t\t\t\n\t\t\n\t\t\t\t\t\t\t\t\t\t\t\t<h4 class=\"fusion-rollover-title\">\n\t\t\t\t\t<a class=\"fusion-rollover-title-link\" href=\"https:\/\/www.gift2give.be\/fr\/nouvelles\/cheques-mobilite-pour-les-employes-payez-40-et-recevez-65-credits-avec-lapplication-whim\/\">\n\t\t\t\t\t\tCh\u00e8ques mobilit\u00e9 pour les employ\u00e9s : payez \u20ac40 et recevez \u20ac65 cr\u00e9dits avec l&#8217;application Whim.\t\t\t\t\t<\/a>\n\t\t\t\t<\/h4>\n\t\t\t\n\t\t\t\t\t\t\t\t\t\t<div class=\"fusion-rollover-categories\"><a href=\"https:\/\/www.gift2give.be\/fr\/category\/nouvelles\/\" rel=\"tag\">nouvelles<\/a><\/div>\t\t\t\t\t\n\t\t\n\t\t\t\t\t\t<a class=\"fusion-link-wrapper\" href=\"https:\/\/www.gift2give.be\/fr\/nouvelles\/cheques-mobilite-pour-les-employes-payez-40-et-recevez-65-credits-avec-lapplication-whim\/\" aria-label=\"Ch\u00e8ques mobilit\u00e9 pour les employ\u00e9s : payez \u20ac40 et recevez \u20ac65 cr\u00e9dits avec l&#8217;application Whim.\"><\/a>\n\t<\/div>\n<\/div>\n<\/div>\n<\/li>\n\t\t\t\n\t\t\t\n\t\t\t\t\t\t\t\t\t\t\t\t\t\t\t\t\t\t\t\t\t\t\t\t\t\t\t\t\t\t\t\t\t\t\t\t\t\t\t\t\t\t\t\t\t\t\t\t\t\t\t\t\t\t\t\t\t\t\t\t\t\t\t\t\t\t\t\t<\/ul>\n\t<\/div>\n\t<div class=\"fusion-post-content post-content\"><h2 class=\"blog-shortcode-post-title entry-title\"><a href=\"https:\/\/www.gift2give.be\/fr\/nouvelles\/cheques-mobilite-pour-les-employes-payez-40-et-recevez-65-credits-avec-lapplication-whim\/\">Ch\u00e8ques mobilit\u00e9 pour les employ\u00e9s : payez \u20ac40 et recevez \u20ac65 cr\u00e9dits avec l&#8217;application Whim.<\/a><\/h2><div class=\"fusion-post-content-container\"><p>      L'application Whim offre aux employ\u00e9s un moyen facile, durable et polyvalent de se d\u00e9placer \u00e0 Anvers et en Flandre. Il combine les transports publics de De Lijn ou de la SNCB, les scooters \u00e9lectriques et les voitures partag\u00e9es de Poppy, les taxis de DTM ou [...]<\/p><\/div><\/div><div class=\"fusion-clearfix\"><\/div><\/article>\n<article id=\"blog-1-post-2518\" class=\"fusion-post-medium-alternate post-2518 post type-post status-publish format-standard has-post-thumbnail hentry category-nouvelles tag-108 tag-cheque-cadeau tag-corona tag-economie-locale tag-gift2give tag-moerbeke\">\n<div class=\"fusion-date-and-formats\"><div class=\"fusion-date-box updated\"><span class=\"fusion-date\">1<\/span><span class=\"fusion-month-year\">03, 2022<\/span><\/div><div class=\"fusion-format-box\"><i class=\"awb-icon-pen\" aria-hidden=\"true\"><\/i><\/div><\/div>\t<style type=\"text\/css\">\n\t\t\n\t\t\n\t\t\n\t\t\n\t\t\t<\/style>\n\n\n\t\t\t<div class=\"fusion-flexslider flexslider fusion-flexslider-loading fusion-post-slideshow\" style=\"\">\n\t\t<ul class=\"slides\">\n\t\t\t\n\t\t\t\t\t\t\t\t\t\t\t\t\t\t<li><div  class=\"fusion-image-wrapper fusion-image-size-fixed\" aria-haspopup=\"true\">\n\t\t\t\t<img width=\"287\" height=\"202\" src=\"https:\/\/www.gift2give.be\/fr\/wp-content\/uploads\/2022\/02\/Moerbeke2.png\" class=\"attachment-blog-medium size-blog-medium wp-post-image\" alt=\"\" \/><div class=\"fusion-rollover\">\n\t<div class=\"fusion-rollover-content\">\n\n\t\t\t\t\t\t\t\t\t\t\t\t\t\t<a class=\"fusion-rollover-link\" href=\"https:\/\/www.gift2give.be\/fr\/nouvelles\/moerbeke-lance-le-cheque-moerbeke-pour-soutenir-leconomie-locale\/\">Moerbeke lance le ch\u00e8que Moerbeke pour soutenir l&#8217;\u00e9conomie locale<\/a>\n\t\t\t\n\t\t\t\t\t\t\t\t\t\t\t\t\t\t\n\t\t\t\t\t\t\t\t\n\t\t\t\t\t\t\t\t\t\t\t\t\t<div class=\"fusion-rollover-sep\"><\/div>\n\t\t\t\t\n\t\t\t\t\t\t\t\t\t\t\t\t\t\t\t\t\t\t<a class=\"fusion-rollover-gallery\" href=\"https:\/\/www.gift2give.be\/fr\/wp-content\/uploads\/2022\/02\/Moerbeke2.png\" data-id=\"2518\" data-rel=\"iLightbox[gallery]\" data-title=\"Moerbeke2\" data-caption=\"\">\n\t\t\t\t\t\tGallery\t\t\t\t\t<\/a>\n\t\t\t\t\t\t\t\t\t\t\t\t\t\t\n\t\t\n\t\t\t\t\t\t\t\t\t\t\t\t<h4 class=\"fusion-rollover-title\">\n\t\t\t\t\t<a class=\"fusion-rollover-title-link\" href=\"https:\/\/www.gift2give.be\/fr\/nouvelles\/moerbeke-lance-le-cheque-moerbeke-pour-soutenir-leconomie-locale\/\">\n\t\t\t\t\t\tMoerbeke lance le ch\u00e8que Moerbeke pour soutenir l&#8217;\u00e9conomie locale\t\t\t\t\t<\/a>\n\t\t\t\t<\/h4>\n\t\t\t\n\t\t\t\t\t\t\t\t\t\t<div class=\"fusion-rollover-categories\"><a href=\"https:\/\/www.gift2give.be\/fr\/category\/nouvelles\/\" rel=\"tag\">nouvelles<\/a><\/div>\t\t\t\t\t\n\t\t\n\t\t\t\t\t\t<a class=\"fusion-link-wrapper\" href=\"https:\/\/www.gift2give.be\/fr\/nouvelles\/moerbeke-lance-le-cheque-moerbeke-pour-soutenir-leconomie-locale\/\" aria-label=\"Moerbeke lance le ch\u00e8que Moerbeke pour soutenir l&#8217;\u00e9conomie locale\"><\/a>\n\t<\/div>\n<\/div>\n<\/div>\n<\/li>\n\t\t\t\n\t\t\t\n\t\t\t\t\t\t\t\t\t\t\t\t\t\t\t\t\t\t\t\t\t\t\t\t\t\t\t\t\t\t\t\t\t\t\t\t\t\t\t\t\t\t\t\t\t\t\t\t\t\t\t\t\t\t\t\t\t\t\t\t\t\t\t\t\t\t\t\t<\/ul>\n\t<\/div>\n\t<div class=\"fusion-post-content post-content\"><h2 class=\"blog-shortcode-post-title entry-title\"><a href=\"https:\/\/www.gift2give.be\/fr\/nouvelles\/moerbeke-lance-le-cheque-moerbeke-pour-soutenir-leconomie-locale\/\">Moerbeke lance le ch\u00e8que Moerbeke pour soutenir l&#8217;\u00e9conomie locale<\/a><\/h2><div class=\"fusion-post-content-container\"><p>       En f\u00e9vrier, la commune de Moerbeke lancera son propre ch\u00e8que-cadeau local, le ch\u00e8que Moerbeke. Moerbeke souhaite ainsi stimuler l'\u00e9conomie locale. Revenir aux nouvelles    <\/p><\/div><\/div><div class=\"fusion-clearfix\"><\/div><\/article>\n<article id=\"blog-1-post-2511\" class=\"fusion-post-medium-alternate post-2511 post type-post status-publish format-standard has-post-thumbnail hentry category-nouvelles tag-108 tag-cheque-cadeau tag-corona tag-economie-locale tag-gift2give tag-wingene\">\n<div class=\"fusion-date-and-formats\"><div class=\"fusion-date-box updated\"><span class=\"fusion-date\">1<\/span><span class=\"fusion-month-year\">02, 2022<\/span><\/div><div class=\"fusion-format-box\"><i class=\"awb-icon-pen\" aria-hidden=\"true\"><\/i><\/div><\/div>\t<style type=\"text\/css\">\n\t\t\n\t\t\n\t\t\n\t\t\n\t\t\t<\/style>\n\n\n\t\t\t<div class=\"fusion-flexslider flexslider fusion-flexslider-loading fusion-post-slideshow\" style=\"\">\n\t\t<ul class=\"slides\">\n\t\t\t\n\t\t\t\t\t\t\t\t\t\t\t\t\t\t<li><div  class=\"fusion-image-wrapper fusion-image-size-fixed\" aria-haspopup=\"true\">\n\t\t\t\t<img width=\"320\" height=\"202\" src=\"https:\/\/www.gift2give.be\/fr\/wp-content\/uploads\/2022\/02\/Wingene2.png\" class=\"attachment-blog-medium size-blog-medium wp-post-image\" alt=\"\" \/><div class=\"fusion-rollover\">\n\t<div class=\"fusion-rollover-content\">\n\n\t\t\t\t\t\t\t\t\t\t\t\t\t\t<a class=\"fusion-rollover-link\" href=\"https:\/\/www.gift2give.be\/fr\/nouvelles\/wingene-lance-le-wingenebon\/\">Wingene lance le Wingenebon<\/a>\n\t\t\t\n\t\t\t\t\t\t\t\t\t\t\t\t\t\t\n\t\t\t\t\t\t\t\t\n\t\t\t\t\t\t\t\t\t\t\t\t\t<div class=\"fusion-rollover-sep\"><\/div>\n\t\t\t\t\n\t\t\t\t\t\t\t\t\t\t\t\t\t\t\t\t\t\t<a class=\"fusion-rollover-gallery\" href=\"https:\/\/www.gift2give.be\/fr\/wp-content\/uploads\/2022\/02\/Wingene2.png\" data-id=\"2511\" data-rel=\"iLightbox[gallery]\" data-title=\"Wingene2\" data-caption=\"\">\n\t\t\t\t\t\tGallery\t\t\t\t\t<\/a>\n\t\t\t\t\t\t\t\t\t\t\t\t\t\t\n\t\t\n\t\t\t\t\t\t\t\t\t\t\t\t<h4 class=\"fusion-rollover-title\">\n\t\t\t\t\t<a class=\"fusion-rollover-title-link\" href=\"https:\/\/www.gift2give.be\/fr\/nouvelles\/wingene-lance-le-wingenebon\/\">\n\t\t\t\t\t\tWingene lance le Wingenebon\t\t\t\t\t<\/a>\n\t\t\t\t<\/h4>\n\t\t\t\n\t\t\t\t\t\t\t\t\t\t<div class=\"fusion-rollover-categories\"><a href=\"https:\/\/www.gift2give.be\/fr\/category\/nouvelles\/\" rel=\"tag\">nouvelles<\/a><\/div>\t\t\t\t\t\n\t\t\n\t\t\t\t\t\t<a class=\"fusion-link-wrapper\" href=\"https:\/\/www.gift2give.be\/fr\/nouvelles\/wingene-lance-le-wingenebon\/\" aria-label=\"Wingene lance le Wingenebon\"><\/a>\n\t<\/div>\n<\/div>\n<\/div>\n<\/li>\n\t\t\t\n\t\t\t\n\t\t\t\t\t\t\t\t\t\t\t\t\t\t\t\t\t\t\t\t\t\t\t\t\t\t\t\t\t\t\t\t\t\t\t\t\t\t\t\t\t\t\t\t\t\t\t\t\t\t\t\t\t\t\t\t\t\t\t\t\t\t\t\t\t\t\t\t<\/ul>\n\t<\/div>\n\t<div class=\"fusion-post-content post-content\"><h2 class=\"blog-shortcode-post-title entry-title\"><a href=\"https:\/\/www.gift2give.be\/fr\/nouvelles\/wingene-lance-le-wingenebon\/\">Wingene lance le Wingenebon<\/a><\/h2><div class=\"fusion-post-content-container\"><p>       \u00c0 partir du 1 f\u00e9vrier, la commune de Wingene lance un bon Wingene, en ligne et sous forme physique, que vous pouvez acheter au guichet de la mairie. Ce ch\u00e8que-cadeau peut \u00eatre d\u00e9pens\u00e9 chez 80 commer\u00e7ants de Wingene. Revenir aux nouvelles    [...]<\/p><\/div><\/div><div class=\"fusion-clearfix\"><\/div><\/article>\n<article id=\"blog-1-post-2503\" class=\"fusion-post-medium-alternate post-2503 post type-post status-publish format-standard has-post-thumbnail hentry category-nouvelles tag-83 tag-aalst tag-cheque-cadeau tag-corona tag-economie-locale tag-gift2give\">\n<div class=\"fusion-date-and-formats\"><div class=\"fusion-date-box updated\"><span class=\"fusion-date\">10<\/span><span class=\"fusion-month-year\">01, 2022<\/span><\/div><div class=\"fusion-format-box\"><i class=\"awb-icon-pen\" aria-hidden=\"true\"><\/i><\/div><\/div>\t<style type=\"text\/css\">\n\t\t\n\t\t\n\t\t\n\t\t\n\t\t\t<\/style>\n\n\n\t\t\t<div class=\"fusion-flexslider flexslider fusion-flexslider-loading fusion-post-slideshow\" style=\"\">\n\t\t<ul class=\"slides\">\n\t\t\t\n\t\t\t\t\t\t\t\t\t\t\t\t\t\t<li><div  class=\"fusion-image-wrapper fusion-image-size-fixed\" aria-haspopup=\"true\">\n\t\t\t\t<img width=\"289\" height=\"202\" src=\"https:\/\/www.gift2give.be\/fr\/wp-content\/uploads\/2021\/12\/Aalst-Parkeervoucher.png\" class=\"attachment-blog-medium size-blog-medium wp-post-image\" alt=\"\" \/><div class=\"fusion-rollover\">\n\t<div class=\"fusion-rollover-content\">\n\n\t\t\t\t\t\t\t\t\t\t\t\t\t\t<a class=\"fusion-rollover-link\" href=\"https:\/\/www.gift2give.be\/fr\/nouvelles\/aalst-lance-une-carte-numerique-a-20-cartes-pour-le-stationnement\/\">Aalst lance une carte num\u00e9rique \u00e0 20 cartes pour le stationnement.<\/a>\n\t\t\t\n\t\t\t\t\t\t\t\t\t\t\t\t\t\t\n\t\t\t\t\t\t\t\t\n\t\t\t\t\t\t\t\t\t\t\t\t\t<div class=\"fusion-rollover-sep\"><\/div>\n\t\t\t\t\n\t\t\t\t\t\t\t\t\t\t\t\t\t\t\t\t\t\t<a class=\"fusion-rollover-gallery\" href=\"https:\/\/www.gift2give.be\/fr\/wp-content\/uploads\/2021\/12\/Aalst-Parkeervoucher.png\" data-id=\"2503\" data-rel=\"iLightbox[gallery]\" data-title=\"Aalst Parkeervoucher\" data-caption=\"\">\n\t\t\t\t\t\tGallery\t\t\t\t\t<\/a>\n\t\t\t\t\t\t\t\t\t\t\t\t\t\t\n\t\t\n\t\t\t\t\t\t\t\t\t\t\t\t<h4 class=\"fusion-rollover-title\">\n\t\t\t\t\t<a class=\"fusion-rollover-title-link\" href=\"https:\/\/www.gift2give.be\/fr\/nouvelles\/aalst-lance-une-carte-numerique-a-20-cartes-pour-le-stationnement\/\">\n\t\t\t\t\t\tAalst lance une carte num\u00e9rique \u00e0 20 cartes pour le stationnement.\t\t\t\t\t<\/a>\n\t\t\t\t<\/h4>\n\t\t\t\n\t\t\t\t\t\t\t\t\t\t<div class=\"fusion-rollover-categories\"><a href=\"https:\/\/www.gift2give.be\/fr\/category\/nouvelles\/\" rel=\"tag\">nouvelles<\/a><\/div>\t\t\t\t\t\n\t\t\n\t\t\t\t\t\t<a class=\"fusion-link-wrapper\" href=\"https:\/\/www.gift2give.be\/fr\/nouvelles\/aalst-lance-une-carte-numerique-a-20-cartes-pour-le-stationnement\/\" aria-label=\"Aalst lance une carte num\u00e9rique \u00e0 20 cartes pour le stationnement.\"><\/a>\n\t<\/div>\n<\/div>\n<\/div>\n<\/li>\n\t\t\t\n\t\t\t\n\t\t\t\t\t\t\t\t\t\t\t\t\t\t\t\t\t\t\t\t\t\t\t\t\t\t\t\t\t\t\t\t\t\t\t\t\t\t\t\t\t\t\t\t\t\t\t\t\t\t\t\t\t\t\t\t\t\t\t\t\t\t\t\t\t\t\t\t<\/ul>\n\t<\/div>\n\t<div class=\"fusion-post-content post-content\"><h2 class=\"blog-shortcode-post-title entry-title\"><a href=\"https:\/\/www.gift2give.be\/fr\/nouvelles\/aalst-lance-une-carte-numerique-a-20-cartes-pour-le-stationnement\/\">Aalst lance une carte num\u00e9rique \u00e0 20 cartes pour le stationnement.<\/a><\/h2><div class=\"fusion-post-content-container\"><p>      La ville d'Aalst lance une carte num\u00e9rique de 20 \u00e9v\u00e9nements pour le stationnement de proximit\u00e9. La carte 20 \u00e9v\u00e9nements pour le stationnement de quartier se compose de 20 coupons distincts de 2 euros chacun. Ils sont faciles \u00e0 acheter via les sites web: parkeren.be ou [...]<\/p><\/div><\/div><div class=\"fusion-clearfix\"><\/div><\/article>\n<article id=\"blog-1-post-2486\" class=\"fusion-post-medium-alternate post-2486 post type-post status-publish format-standard has-post-thumbnail hentry category-nouvelles tag-83 tag-cheque-cadeau tag-corona tag-economie-locale tag-gift2give tag-tirlemont\">\n<div class=\"fusion-date-and-formats\"><div class=\"fusion-date-box updated\"><span class=\"fusion-date\">15<\/span><span class=\"fusion-month-year\">12, 2021<\/span><\/div><div class=\"fusion-format-box\"><i class=\"awb-icon-pen\" aria-hidden=\"true\"><\/i><\/div><\/div>\t<style type=\"text\/css\">\n\t\t\n\t\t\n\t\t\n\t\t\n\t\t\t<\/style>\n\n\n\t\t\t<div class=\"fusion-flexslider flexslider fusion-flexslider-loading fusion-post-slideshow\" style=\"\">\n\t\t<ul class=\"slides\">\n\t\t\t\n\t\t\t\t\t\t\t\t\t\t\t\t\t\t<li><div  class=\"fusion-image-wrapper fusion-image-size-fixed\" aria-haspopup=\"true\">\n\t\t\t\t<img width=\"320\" height=\"131\" src=\"https:\/\/www.gift2give.be\/fr\/wp-content\/uploads\/2021\/12\/Tienen-Kerst.png\" class=\"attachment-blog-medium size-blog-medium wp-post-image\" alt=\"\" \/><div class=\"fusion-rollover\">\n\t<div class=\"fusion-rollover-content\">\n\n\t\t\t\t\t\t\t\t\t\t\t\t\t\t<a class=\"fusion-rollover-link\" href=\"https:\/\/www.gift2give.be\/fr\/nouvelles\/tirlemont-donne-5-euros-a-tous-ses-habitants-pour-les-fetes-de-fin-dannee\/\">Tirlemont donne 5 euros \u00e0 tous ses habitants pour les f\u00eates de fin d&#8217;ann\u00e9e<\/a>\n\t\t\t\n\t\t\t\t\t\t\t\t\t\t\t\t\t\t\n\t\t\t\t\t\t\t\t\n\t\t\t\t\t\t\t\t\t\t\t\t\t<div class=\"fusion-rollover-sep\"><\/div>\n\t\t\t\t\n\t\t\t\t\t\t\t\t\t\t\t\t\t\t\t\t\t\t<a class=\"fusion-rollover-gallery\" href=\"https:\/\/www.gift2give.be\/fr\/wp-content\/uploads\/2021\/12\/Tienen-Kerst.png\" data-id=\"2486\" data-rel=\"iLightbox[gallery]\" data-title=\"Tienen Kerst\" data-caption=\"\">\n\t\t\t\t\t\tGallery\t\t\t\t\t<\/a>\n\t\t\t\t\t\t\t\t\t\t\t\t\t\t\n\t\t\n\t\t\t\t\t\t\t\t\t\t\t\t<h4 class=\"fusion-rollover-title\">\n\t\t\t\t\t<a class=\"fusion-rollover-title-link\" href=\"https:\/\/www.gift2give.be\/fr\/nouvelles\/tirlemont-donne-5-euros-a-tous-ses-habitants-pour-les-fetes-de-fin-dannee\/\">\n\t\t\t\t\t\tTirlemont donne 5 euros \u00e0 tous ses habitants pour les f\u00eates de fin d&#8217;ann\u00e9e\t\t\t\t\t<\/a>\n\t\t\t\t<\/h4>\n\t\t\t\n\t\t\t\t\t\t\t\t\t\t<div class=\"fusion-rollover-categories\"><a href=\"https:\/\/www.gift2give.be\/fr\/category\/nouvelles\/\" rel=\"tag\">nouvelles<\/a><\/div>\t\t\t\t\t\n\t\t\n\t\t\t\t\t\t<a class=\"fusion-link-wrapper\" href=\"https:\/\/www.gift2give.be\/fr\/nouvelles\/tirlemont-donne-5-euros-a-tous-ses-habitants-pour-les-fetes-de-fin-dannee\/\" aria-label=\"Tirlemont donne 5 euros \u00e0 tous ses habitants pour les f\u00eates de fin d&#8217;ann\u00e9e\"><\/a>\n\t<\/div>\n<\/div>\n<\/div>\n<\/li>\n\t\t\t\n\t\t\t\n\t\t\t\t\t\t\t\t\t\t\t\t\t\t\t\t\t\t\t\t\t\t\t\t\t\t\t\t\t\t\t\t\t\t\t\t\t\t\t\t\t\t\t\t\t\t\t\t\t\t\t\t\t\t\t\t\t\t\t\t\t\t\t\t\t\t\t\t<\/ul>\n\t<\/div>\n\t<div class=\"fusion-post-content post-content\"><h2 class=\"blog-shortcode-post-title entry-title\"><a href=\"https:\/\/www.gift2give.be\/fr\/nouvelles\/tirlemont-donne-5-euros-a-tous-ses-habitants-pour-les-fetes-de-fin-dannee\/\">Tirlemont donne 5 euros \u00e0 tous ses habitants pour les f\u00eates de fin d&#8217;ann\u00e9e<\/a><\/h2><div class=\"fusion-post-content-container\"><p>      Comme la r\u00e9ception annuelle du nouvel an ne peut avoir lieu \u00e0 cause de Corona, la ville de Tirlemont offre un T-bon de 5 euros \u00e0 chacun de ses habitants. Ce cadeau de fin d'ann\u00e9e vise \u00e0 soutenir davantage l'\u00e9conomie locale. Le bon peut \u00eatre [...]<\/p><\/div><\/div><div class=\"fusion-clearfix\"><\/div><\/article>\n<article id=\"blog-1-post-2499\" class=\"fusion-post-medium-alternate post-2499 post type-post status-publish format-standard has-post-thumbnail hentry category-nouvelles tag-83 tag-cheque-cadeau tag-corona tag-economie-locale tag-gift2give tag-ronse\">\n<div class=\"fusion-date-and-formats\"><div class=\"fusion-date-box updated\"><span class=\"fusion-date\">1<\/span><span class=\"fusion-month-year\">12, 2021<\/span><\/div><div class=\"fusion-format-box\"><i class=\"awb-icon-pen\" aria-hidden=\"true\"><\/i><\/div><\/div>\t<style type=\"text\/css\">\n\t\t\n\t\t\n\t\t\n\t\t\n\t\t\t<\/style>\n\n\n\t\t\t<div class=\"fusion-flexslider flexslider fusion-flexslider-loading fusion-post-slideshow\" style=\"\">\n\t\t<ul class=\"slides\">\n\t\t\t\n\t\t\t\t\t\t\t\t\t\t\t\t\t\t<li><div  class=\"fusion-image-wrapper fusion-image-size-fixed\" aria-haspopup=\"true\">\n\t\t\t\t<img width=\"220\" height=\"202\" src=\"https:\/\/www.gift2give.be\/fr\/wp-content\/uploads\/2021\/12\/RONSEWINTERLICHT2021-campagnebeeld_klein.png\" class=\"attachment-blog-medium size-blog-medium wp-post-image\" alt=\"\" \/><div class=\"fusion-rollover\">\n\t<div class=\"fusion-rollover-content\">\n\n\t\t\t\t\t\t\t\t\t\t\t\t\t\t<a class=\"fusion-rollover-link\" href=\"https:\/\/www.gift2give.be\/fr\/nouvelles\/campagne-winter-light-ronse-accorde-un-bonus-de-10-euros-pour-lachat-dun-bon-dune-valeur-de-50-euros\/\">Campagne Winter light : Ronse accorde un bonus de 10 euros pour l&#8217;achat d&#8217;un bon d&#8217;une valeur de 50 euros<\/a>\n\t\t\t\n\t\t\t\t\t\t\t\t\t\t\t\t\t\t\n\t\t\t\t\t\t\t\t\n\t\t\t\t\t\t\t\t\t\t\t\t\t<div class=\"fusion-rollover-sep\"><\/div>\n\t\t\t\t\n\t\t\t\t\t\t\t\t\t\t\t\t\t\t\t\t\t\t<a class=\"fusion-rollover-gallery\" href=\"https:\/\/www.gift2give.be\/fr\/wp-content\/uploads\/2021\/12\/RONSEWINTERLICHT2021-campagnebeeld_klein.png\" data-id=\"2499\" data-rel=\"iLightbox[gallery]\" data-title=\"RONSEWINTERLICHT2021-campagnebeeld_klein\" data-caption=\"\">\n\t\t\t\t\t\tGallery\t\t\t\t\t<\/a>\n\t\t\t\t\t\t\t\t\t\t\t\t\t\t\n\t\t\n\t\t\t\t\t\t\t\t\t\t\t\t<h4 class=\"fusion-rollover-title\">\n\t\t\t\t\t<a class=\"fusion-rollover-title-link\" href=\"https:\/\/www.gift2give.be\/fr\/nouvelles\/campagne-winter-light-ronse-accorde-un-bonus-de-10-euros-pour-lachat-dun-bon-dune-valeur-de-50-euros\/\">\n\t\t\t\t\t\tCampagne Winter light : Ronse accorde un bonus de 10 euros pour l&#8217;achat d&#8217;un bon d&#8217;une valeur de 50 euros\t\t\t\t\t<\/a>\n\t\t\t\t<\/h4>\n\t\t\t\n\t\t\t\t\t\t\t\t\t\t<div class=\"fusion-rollover-categories\"><a href=\"https:\/\/www.gift2give.be\/fr\/category\/nouvelles\/\" rel=\"tag\">nouvelles<\/a><\/div>\t\t\t\t\t\n\t\t\n\t\t\t\t\t\t<a class=\"fusion-link-wrapper\" href=\"https:\/\/www.gift2give.be\/fr\/nouvelles\/campagne-winter-light-ronse-accorde-un-bonus-de-10-euros-pour-lachat-dun-bon-dune-valeur-de-50-euros\/\" aria-label=\"Campagne Winter light : Ronse accorde un bonus de 10 euros pour l&#8217;achat d&#8217;un bon d&#8217;une valeur de 50 euros\"><\/a>\n\t<\/div>\n<\/div>\n<\/div>\n<\/li>\n\t\t\t\n\t\t\t\n\t\t\t\t\t\t\t\t\t\t\t\t\t\t\t\t\t\t\t\t\t\t\t\t\t\t\t\t\t\t\t\t\t\t\t\t\t\t\t\t\t\t\t\t\t\t\t\t\t\t\t\t\t\t\t\t\t\t\t\t\t\t\t\t\t\t\t\t<\/ul>\n\t<\/div>\n\t<div class=\"fusion-post-content post-content\"><h2 class=\"blog-shortcode-post-title entry-title\"><a href=\"https:\/\/www.gift2give.be\/fr\/nouvelles\/campagne-winter-light-ronse-accorde-un-bonus-de-10-euros-pour-lachat-dun-bon-dune-valeur-de-50-euros\/\">Campagne Winter light : Ronse accorde un bonus de 10 euros pour l&#8217;achat d&#8217;un bon d&#8217;une valeur de 50 euros<\/a><\/h2><div class=\"fusion-post-content-container\"><p>      La ville de Ronse offre un bonus de 10 euros pour l'achat d'un bon d'une valeur de 50 euros pour l'action Winterlight. Le bon peut \u00eatre d\u00e9pens\u00e9 dans tous les magasins participants. Revenir aux nouvelles    <\/p><\/div><\/div><div class=\"fusion-clearfix\"><\/div><\/article>\n<article id=\"blog-1-post-2495\" class=\"fusion-post-medium-alternate post-2495 post type-post status-publish format-standard has-post-thumbnail hentry category-nouvelles tag-83 tag-antwerpen tag-cheque-cadeau tag-corona tag-economie-locale tag-gift2give\">\n<div class=\"fusion-date-and-formats\"><div class=\"fusion-date-box updated\"><span class=\"fusion-date\">15<\/span><span class=\"fusion-month-year\">11, 2021<\/span><\/div><div class=\"fusion-format-box\"><i class=\"awb-icon-pen\" aria-hidden=\"true\"><\/i><\/div><\/div>\t<style type=\"text\/css\">\n\t\t\n\t\t\n\t\t\n\t\t\n\t\t\t<\/style>\n\n\n\t\t\t<div class=\"fusion-flexslider flexslider fusion-flexslider-loading fusion-post-slideshow\" style=\"\">\n\t\t<ul class=\"slides\">\n\t\t\t\n\t\t\t\t\t\t\t\t\t\t\t\t\t\t<li><div  class=\"fusion-image-wrapper fusion-image-size-fixed\" aria-haspopup=\"true\">\n\t\t\t\t<img width=\"315\" height=\"202\" src=\"https:\/\/www.gift2give.be\/fr\/wp-content\/uploads\/2021\/12\/FRONT-GROSZ-01.jpg\" class=\"attachment-blog-medium size-blog-medium wp-post-image\" alt=\"\" \/><div class=\"fusion-rollover\">\n\t<div class=\"fusion-rollover-content\">\n\n\t\t\t\t\t\t\t\t\t\t\t\t\t\t<a class=\"fusion-rollover-link\" href=\"https:\/\/www.gift2give.be\/fr\/nouvelles\/carte-de-paiement-grosz-center-supermarkt\/\">Carte de paiement Grosz Center Supermarkt<\/a>\n\t\t\t\n\t\t\t\t\t\t\t\t\t\t\t\t\t\t\n\t\t\t\t\t\t\t\t\n\t\t\t\t\t\t\t\t\t\t\t\t\t<div class=\"fusion-rollover-sep\"><\/div>\n\t\t\t\t\n\t\t\t\t\t\t\t\t\t\t\t\t\t\t\t\t\t\t<a class=\"fusion-rollover-gallery\" href=\"https:\/\/www.gift2give.be\/fr\/wp-content\/uploads\/2021\/12\/FRONT-GROSZ-01.jpg\" data-id=\"2495\" data-rel=\"iLightbox[gallery]\" data-title=\"FRONT-GROSZ-01\" data-caption=\"\">\n\t\t\t\t\t\tGallery\t\t\t\t\t<\/a>\n\t\t\t\t\t\t\t\t\t\t\t\t\t\t\n\t\t\n\t\t\t\t\t\t\t\t\t\t\t\t<h4 class=\"fusion-rollover-title\">\n\t\t\t\t\t<a class=\"fusion-rollover-title-link\" href=\"https:\/\/www.gift2give.be\/fr\/nouvelles\/carte-de-paiement-grosz-center-supermarkt\/\">\n\t\t\t\t\t\tCarte de paiement Grosz Center Supermarkt\t\t\t\t\t<\/a>\n\t\t\t\t<\/h4>\n\t\t\t\n\t\t\t\t\t\t\t\t\t\t<div class=\"fusion-rollover-categories\"><a href=\"https:\/\/www.gift2give.be\/fr\/category\/nouvelles\/\" rel=\"tag\">nouvelles<\/a><\/div>\t\t\t\t\t\n\t\t\n\t\t\t\t\t\t<a class=\"fusion-link-wrapper\" href=\"https:\/\/www.gift2give.be\/fr\/nouvelles\/carte-de-paiement-grosz-center-supermarkt\/\" aria-label=\"Carte de paiement Grosz Center Supermarkt\"><\/a>\n\t<\/div>\n<\/div>\n<\/div>\n<\/li>\n\t\t\t\n\t\t\t\n\t\t\t\t\t\t\t\t\t\t\t\t\t\t\t\t\t\t\t\t\t\t\t\t\t\t\t\t\t\t\t\t\t\t\t\t\t\t\t\t\t\t\t\t\t\t\t\t\t\t\t\t\t\t\t\t\t\t\t\t\t\t\t\t\t\t\t\t<\/ul>\n\t<\/div>\n\t<div class=\"fusion-post-content post-content\"><h2 class=\"blog-shortcode-post-title entry-title\"><a href=\"https:\/\/www.gift2give.be\/fr\/nouvelles\/carte-de-paiement-grosz-center-supermarkt\/\">Carte de paiement Grosz Center Supermarkt<\/a><\/h2><div class=\"fusion-post-content-container\"><p>      Carte de paiement Grosz Center Supermarkt lance sa propre carte de paiement. La carte de paiement peut \u00eatre achet\u00e9e \u00e0 la caisse, o\u00f9 elle peut \u00eatre charg\u00e9e d'un montant allant jusqu'\u00e0 150 euros maximum. Chaque carte comporte un num\u00e9ro unique et un code QR au [...]<\/p><\/div><\/div><div class=\"fusion-clearfix\"><\/div><\/article>\n<article id=\"blog-1-post-2433\" class=\"fusion-post-medium-alternate post-2433 post type-post status-publish format-standard has-post-thumbnail hentry category-nouvelles tag-83 tag-cheque-cadeau tag-corona tag-economie-locale tag-gift2give tag-wielsbeke\">\n<div class=\"fusion-date-and-formats\"><div class=\"fusion-date-box updated\"><span class=\"fusion-date\">1<\/span><span class=\"fusion-month-year\">10, 2021<\/span><\/div><div class=\"fusion-format-box\"><i class=\"awb-icon-pen\" aria-hidden=\"true\"><\/i><\/div><\/div>\t<style type=\"text\/css\">\n\t\t\n\t\t\n\t\t\n\t\t\n\t\t\t<\/style>\n\n\n\t\t\t<div class=\"fusion-flexslider flexslider fusion-flexslider-loading fusion-post-slideshow\" style=\"\">\n\t\t<ul class=\"slides\">\n\t\t\t\n\t\t\t\t\t\t\t\t\t\t\t\t\t\t<li><div  class=\"fusion-image-wrapper fusion-image-size-fixed\" aria-haspopup=\"true\">\n\t\t\t\t<img width=\"218\" height=\"202\" src=\"https:\/\/www.gift2give.be\/fr\/wp-content\/uploads\/2021\/09\/IMG_3044.jpg\" class=\"attachment-blog-medium size-blog-medium wp-post-image\" alt=\"\" \/><div class=\"fusion-rollover\">\n\t<div class=\"fusion-rollover-content\">\n\n\t\t\t\t\t\t\t\t\t\t\t\t\t\t<a class=\"fusion-rollover-link\" href=\"https:\/\/www.gift2give.be\/fr\/nouvelles\/wielsbeke-soutient-son-economie-locale-avec-deux-cheques-cadeaux-de-10-euros-par-famille\/\">Wielsbeke soutient son \u00e9conomie locale avec deux ch\u00e8ques-cadeaux de 10 euros par famille<\/a>\n\t\t\t\n\t\t\t\t\t\t\t\t\t\t\t\t\t\t\n\t\t\t\t\t\t\t\t\n\t\t\t\t\t\t\t\t\t\t\t\t\t<div class=\"fusion-rollover-sep\"><\/div>\n\t\t\t\t\n\t\t\t\t\t\t\t\t\t\t\t\t\t\t\t\t\t\t<a class=\"fusion-rollover-gallery\" href=\"https:\/\/www.gift2give.be\/fr\/wp-content\/uploads\/2021\/09\/IMG_3044.jpg\" data-id=\"2433\" data-rel=\"iLightbox[gallery]\" data-title=\"IMG_3044\" data-caption=\"\">\n\t\t\t\t\t\tGallery\t\t\t\t\t<\/a>\n\t\t\t\t\t\t\t\t\t\t\t\t\t\t\n\t\t\n\t\t\t\t\t\t\t\t\t\t\t\t<h4 class=\"fusion-rollover-title\">\n\t\t\t\t\t<a class=\"fusion-rollover-title-link\" href=\"https:\/\/www.gift2give.be\/fr\/nouvelles\/wielsbeke-soutient-son-economie-locale-avec-deux-cheques-cadeaux-de-10-euros-par-famille\/\">\n\t\t\t\t\t\tWielsbeke soutient son \u00e9conomie locale avec deux ch\u00e8ques-cadeaux de 10 euros par famille\t\t\t\t\t<\/a>\n\t\t\t\t<\/h4>\n\t\t\t\n\t\t\t\t\t\t\t\t\t\t<div class=\"fusion-rollover-categories\"><a href=\"https:\/\/www.gift2give.be\/fr\/category\/nouvelles\/\" rel=\"tag\">nouvelles<\/a><\/div>\t\t\t\t\t\n\t\t\n\t\t\t\t\t\t<a class=\"fusion-link-wrapper\" href=\"https:\/\/www.gift2give.be\/fr\/nouvelles\/wielsbeke-soutient-son-economie-locale-avec-deux-cheques-cadeaux-de-10-euros-par-famille\/\" aria-label=\"Wielsbeke soutient son \u00e9conomie locale avec deux ch\u00e8ques-cadeaux de 10 euros par famille\"><\/a>\n\t<\/div>\n<\/div>\n<\/div>\n<\/li>\n\t\t\t\n\t\t\t\n\t\t\t\t\t\t\t\t\t\t\t\t\t\t\t\t\t\t\t\t\t\t\t\t\t\t\t\t\t\t\t\t\t\t\t\t\t\t\t\t\t\t\t\t\t\t\t\t\t\t\t\t\t\t\t\t\t\t\t\t\t\t\t\t\t\t\t\t<\/ul>\n\t<\/div>\n\t<div class=\"fusion-post-content post-content\"><h2 class=\"blog-shortcode-post-title entry-title\"><a href=\"https:\/\/www.gift2give.be\/fr\/nouvelles\/wielsbeke-soutient-son-economie-locale-avec-deux-cheques-cadeaux-de-10-euros-par-famille\/\">Wielsbeke soutient son \u00e9conomie locale avec deux ch\u00e8ques-cadeaux de 10 euros par famille<\/a><\/h2><div class=\"fusion-post-content-container\"><p>       Afin de donner un coup de pouce \u00e0 tous et de remercier les commer\u00e7ants pour leurs efforts exceptionnels au cours des derniers mois, le conseil municipal de Wielsbeke a fait don de deux ch\u00e8ques-cadeaux d'une valeur de 10 euros. La municipalit\u00e9 investit ainsi quelque [...]<\/p><\/div><\/div><div class=\"fusion-clearfix\"><\/div><\/article>\n<article id=\"blog-1-post-2381\" class=\"fusion-post-medium-alternate post-2381 post type-post status-publish format-standard has-post-thumbnail hentry category-nouvelles tag-83 tag-anvers tag-bons-de-mobilites tag-corona tag-economie-locale tag-gift2give\">\n<div class=\"fusion-date-and-formats\"><div class=\"fusion-date-box updated\"><span class=\"fusion-date\">27<\/span><span class=\"fusion-month-year\">09, 2021<\/span><\/div><div class=\"fusion-format-box\"><i class=\"awb-icon-pen\" aria-hidden=\"true\"><\/i><\/div><\/div>\t<style type=\"text\/css\">\n\t\t\n\t\t\n\t\t\n\t\t\n\t\t\t<\/style>\n\n\n\t\t\t<div class=\"fusion-flexslider flexslider fusion-flexslider-loading fusion-post-slideshow\" style=\"\">\n\t\t<ul class=\"slides\">\n\t\t\t\n\t\t\t\t\t\t\t\t\t\t\t\t\t\t<li><div  class=\"fusion-image-wrapper fusion-image-size-fixed\" aria-haspopup=\"true\">\n\t\t\t\t<img width=\"289\" height=\"202\" src=\"https:\/\/www.gift2give.be\/fr\/wp-content\/uploads\/2020\/11\/Mobiliteitsvoucher-Whim_student-2.png\" class=\"attachment-blog-medium size-blog-medium wp-post-image\" alt=\"\" \/><div class=\"fusion-rollover\">\n\t<div class=\"fusion-rollover-content\">\n\n\t\t\t\t\t\t\t\t\t\t\t\t\t\t<a class=\"fusion-rollover-link\" href=\"https:\/\/www.gift2give.be\/fr\/nouvelles\/cheque-bonus-etudiants-cheques-mobilite-anvers\/\">Ch\u00e8que-bonus de mobilit\u00e9 pour les \u00e9tudiants \u00e0 Anvers<\/a>\n\t\t\t\n\t\t\t\t\t\t\t\t\t\t\t\t\t\t\n\t\t\t\t\t\t\t\t\n\t\t\t\t\t\t\t\t\t\t\t\t\t<div class=\"fusion-rollover-sep\"><\/div>\n\t\t\t\t\n\t\t\t\t\t\t\t\t\t\t\t\t\t\t\t\t\t\t<a class=\"fusion-rollover-gallery\" href=\"https:\/\/www.gift2give.be\/fr\/wp-content\/uploads\/2020\/11\/Mobiliteitsvoucher-Whim_student-2.png\" data-id=\"2381\" data-rel=\"iLightbox[gallery]\" data-title=\"Mobiliteitsvoucher Whim_student-2\" data-caption=\"\">\n\t\t\t\t\t\tGallery\t\t\t\t\t<\/a>\n\t\t\t\t\t\t\t\t\t\t\t\t\t\t\n\t\t\n\t\t\t\t\t\t\t\t\t\t\t\t<h4 class=\"fusion-rollover-title\">\n\t\t\t\t\t<a class=\"fusion-rollover-title-link\" href=\"https:\/\/www.gift2give.be\/fr\/nouvelles\/cheque-bonus-etudiants-cheques-mobilite-anvers\/\">\n\t\t\t\t\t\tCh\u00e8que-bonus de mobilit\u00e9 pour les \u00e9tudiants \u00e0 Anvers\t\t\t\t\t<\/a>\n\t\t\t\t<\/h4>\n\t\t\t\n\t\t\t\t\t\t\t\t\t\t<div class=\"fusion-rollover-categories\"><a href=\"https:\/\/www.gift2give.be\/fr\/category\/nouvelles\/\" rel=\"tag\">nouvelles<\/a><\/div>\t\t\t\t\t\n\t\t\n\t\t\t\t\t\t<a class=\"fusion-link-wrapper\" href=\"https:\/\/www.gift2give.be\/fr\/nouvelles\/cheque-bonus-etudiants-cheques-mobilite-anvers\/\" aria-label=\"Ch\u00e8que-bonus de mobilit\u00e9 pour les \u00e9tudiants \u00e0 Anvers\"><\/a>\n\t<\/div>\n<\/div>\n<\/div>\n<\/li>\n\t\t\t\n\t\t\t\n\t\t\t\t\t\t\t\t\t\t\t\t\t\t\t\t\t\t\t\t\t\t\t\t\t\t\t\t\t\t\t\t\t\t\t\t\t\t\t\t\t\t\t\t\t\t\t\t\t\t\t\t\t\t\t\t\t\t\t\t\t\t\t\t\t\t\t\t<\/ul>\n\t<\/div>\n\t<div class=\"fusion-post-content post-content\"><h2 class=\"blog-shortcode-post-title entry-title\"><a href=\"https:\/\/www.gift2give.be\/fr\/nouvelles\/cheque-bonus-etudiants-cheques-mobilite-anvers\/\">Ch\u00e8que-bonus de mobilit\u00e9 pour les \u00e9tudiants \u00e0 Anvers<\/a><\/h2><div class=\"fusion-post-content-container\"><p>       Se d\u00e9placer dans la ville d'Anvers n'a jamais \u00e9t\u00e9 aussi facile, surtout pour les \u00e9tudiants. Whim introduit un bon de mobilit\u00e9 de 20 euros pour lequel vous ne payez que 10 euros. Vous avez donc 50 % de cr\u00e9dit suppl\u00e9mentaire pour utiliser tous les [...]<\/p><\/div><\/div><div class=\"fusion-clearfix\"><\/div><\/article>\n<article id=\"blog-1-post-2446\" class=\"fusion-post-medium-alternate post-2446 post type-post status-publish format-standard has-post-thumbnail hentry category-nouvelles tag-83 tag-antwerpen-shift tag-anvers tag-bons-de-mobilites tag-corona tag-economie-locale tag-gift2give\">\n<div class=\"fusion-date-and-formats\"><div class=\"fusion-date-box updated\"><span class=\"fusion-date\">13<\/span><span class=\"fusion-month-year\">09, 2021<\/span><\/div><div class=\"fusion-format-box\"><i class=\"awb-icon-pen\" aria-hidden=\"true\"><\/i><\/div><\/div>\t<style type=\"text\/css\">\n\t\t\n\t\t\n\t\t\n\t\t\n\t\t\t<\/style>\n\n\n\t\t\t<div class=\"fusion-flexslider flexslider fusion-flexslider-loading fusion-post-slideshow\" style=\"\">\n\t\t<ul class=\"slides\">\n\t\t\t\n\t\t\t\t\t\t\t\t\t\t\t\t\t\t<li><div  class=\"fusion-image-wrapper fusion-image-size-fixed\" aria-haspopup=\"true\">\n\t\t\t\t<img width=\"320\" height=\"202\" src=\"https:\/\/www.gift2give.be\/fr\/wp-content\/uploads\/2021\/09\/Flying-carpets.png\" class=\"attachment-blog-medium size-blog-medium wp-post-image\" alt=\"\" \/><div class=\"fusion-rollover\">\n\t<div class=\"fusion-rollover-content\">\n\n\t\t\t\t\t\t\t\t\t\t\t\t\t\t<a class=\"fusion-rollover-link\" href=\"https:\/\/www.gift2give.be\/fr\/nouvelles\/whim-et-gift2give-se-sont-au-meir-pendant-antwerpen-shift-avec-un-nouveau-mode-de-mobilite\/\">Whim et Gift2Give se sont au Meir pendant &#8216;Antwerpen Shift&#8217; avec un nouveau mode de mobilit\u00e9<\/a>\n\t\t\t\n\t\t\t\t\t\t\t\t\t\t\t\t\t\t\n\t\t\t\t\t\t\t\t\n\t\t\t\t\t\t\t\t\t\t\t\t\t<div class=\"fusion-rollover-sep\"><\/div>\n\t\t\t\t\n\t\t\t\t\t\t\t\t\t\t\t\t\t\t\t\t\t\t<a class=\"fusion-rollover-gallery\" href=\"https:\/\/www.gift2give.be\/fr\/wp-content\/uploads\/2021\/09\/Flying-carpets.png\" data-id=\"2446\" data-rel=\"iLightbox[gallery]\" data-title=\"Flying carpets\" data-caption=\"\">\n\t\t\t\t\t\tGallery\t\t\t\t\t<\/a>\n\t\t\t\t\t\t\t\t\t\t\t\t\t\t\n\t\t\n\t\t\t\t\t\t\t\t\t\t\t\t<h4 class=\"fusion-rollover-title\">\n\t\t\t\t\t<a class=\"fusion-rollover-title-link\" href=\"https:\/\/www.gift2give.be\/fr\/nouvelles\/whim-et-gift2give-se-sont-au-meir-pendant-antwerpen-shift-avec-un-nouveau-mode-de-mobilite\/\">\n\t\t\t\t\t\tWhim et Gift2Give se sont au Meir pendant &#8216;Antwerpen Shift&#8217; avec un nouveau mode de mobilit\u00e9\t\t\t\t\t<\/a>\n\t\t\t\t<\/h4>\n\t\t\t\n\t\t\t\t\t\t\t\t\t\t<div class=\"fusion-rollover-categories\"><a href=\"https:\/\/www.gift2give.be\/fr\/category\/nouvelles\/\" rel=\"tag\">nouvelles<\/a><\/div>\t\t\t\t\t\n\t\t\n\t\t\t\t\t\t<a class=\"fusion-link-wrapper\" href=\"https:\/\/www.gift2give.be\/fr\/nouvelles\/whim-et-gift2give-se-sont-au-meir-pendant-antwerpen-shift-avec-un-nouveau-mode-de-mobilite\/\" aria-label=\"Whim et Gift2Give se sont au Meir pendant &#8216;Antwerpen Shift&#8217; avec un nouveau mode de mobilit\u00e9\"><\/a>\n\t<\/div>\n<\/div>\n<\/div>\n<\/li>\n\t\t\t\n\t\t\t\n\t\t\t\t\t\t\t\t\t\t\t\t\t\t\t\t\t\t\t\t\t\t\t\t\t\t\t\t\t\t\t\t\t\t\t\t\t\t\t\t\t\t\t\t\t\t\t\t\t\t\t\t\t\t\t\t\t\t\t\t\t\t\t\t\t\t\t\t<\/ul>\n\t<\/div>\n\t<div class=\"fusion-post-content post-content\"><h2 class=\"blog-shortcode-post-title entry-title\"><a href=\"https:\/\/www.gift2give.be\/fr\/nouvelles\/whim-et-gift2give-se-sont-au-meir-pendant-antwerpen-shift-avec-un-nouveau-mode-de-mobilite\/\">Whim et Gift2Give se sont au Meir pendant &#8216;Antwerpen Shift&#8217; avec un nouveau mode de mobilit\u00e9<\/a><\/h2><div class=\"fusion-post-content-container\"><p>       Venez au Meir pendant 'Antwerpen Shift' et d\u00e9couvrez le dernier mode de mobilit\u00e9: le Tapis Volant. Sur notre stand, vous pouvez gagner le prix de vos r\u00eaves en t\u00e9l\u00e9chargeant d'abord l'application de Whim, puis en attrapant dans le tonneau magique. Au moins, vous gagnez [...]<\/p><\/div><\/div><div class=\"fusion-clearfix\"><\/div><\/article>\n<article id=\"blog-1-post-2377\" class=\"fusion-post-medium-alternate post-2377 post type-post status-publish format-standard has-post-thumbnail hentry category-nouvelles tag-83 tag-cheque-cadeau tag-corona tag-economie-locale tag-gift2give tag-schoten\">\n<div class=\"fusion-date-and-formats\"><div class=\"fusion-date-box updated\"><span class=\"fusion-date\">1<\/span><span class=\"fusion-month-year\">09, 2021<\/span><\/div><div class=\"fusion-format-box\"><i class=\"awb-icon-pen\" aria-hidden=\"true\"><\/i><\/div><\/div>\t<style type=\"text\/css\">\n\t\t\n\t\t\n\t\t\n\t\t\n\t\t\t<\/style>\n\n\n\t\t\t<div class=\"fusion-flexslider flexslider fusion-flexslider-loading fusion-post-slideshow\" style=\"\">\n\t\t<ul class=\"slides\">\n\t\t\t\n\t\t\t\t\t\t\t\t\t\t\t\t\t\t<li><div  class=\"fusion-image-wrapper fusion-image-size-fixed\" aria-haspopup=\"true\">\n\t\t\t\t<img width=\"320\" height=\"200\" src=\"https:\/\/www.gift2give.be\/fr\/wp-content\/uploads\/2020\/11\/Picture-2-kopie.png\" class=\"attachment-blog-medium size-blog-medium wp-post-image\" alt=\"\" \/><div class=\"fusion-rollover\">\n\t<div class=\"fusion-rollover-content\">\n\n\t\t\t\t\t\t\t\t\t\t\t\t\t\t<a class=\"fusion-rollover-link\" href=\"https:\/\/www.gift2give.be\/fr\/nouvelles\/inauguration-du-cheque-cadeau-schoten\/\">Inauguration du ch\u00e8que-cadeau &#8216;Profiter de Schoten&#8217;<\/a>\n\t\t\t\n\t\t\t\t\t\t\t\t\t\t\t\t\t\t\n\t\t\t\t\t\t\t\t\n\t\t\t\t\t\t\t\t\t\t\t\t\t<div class=\"fusion-rollover-sep\"><\/div>\n\t\t\t\t\n\t\t\t\t\t\t\t\t\t\t\t\t\t\t\t\t\t\t<a class=\"fusion-rollover-gallery\" href=\"https:\/\/www.gift2give.be\/fr\/wp-content\/uploads\/2020\/11\/Picture-2-kopie.png\" data-id=\"2377\" data-rel=\"iLightbox[gallery]\" data-title=\"Picture 2 kopie\" data-caption=\"\">\n\t\t\t\t\t\tGallery\t\t\t\t\t<\/a>\n\t\t\t\t\t\t\t\t\t\t\t\t\t\t\n\t\t\n\t\t\t\t\t\t\t\t\t\t\t\t<h4 class=\"fusion-rollover-title\">\n\t\t\t\t\t<a class=\"fusion-rollover-title-link\" href=\"https:\/\/www.gift2give.be\/fr\/nouvelles\/inauguration-du-cheque-cadeau-schoten\/\">\n\t\t\t\t\t\tInauguration du ch\u00e8que-cadeau &#8216;Profiter de Schoten&#8217;\t\t\t\t\t<\/a>\n\t\t\t\t<\/h4>\n\t\t\t\n\t\t\t\t\t\t\t\t\t\t<div class=\"fusion-rollover-categories\"><a href=\"https:\/\/www.gift2give.be\/fr\/category\/nouvelles\/\" rel=\"tag\">nouvelles<\/a><\/div>\t\t\t\t\t\n\t\t\n\t\t\t\t\t\t<a class=\"fusion-link-wrapper\" href=\"https:\/\/www.gift2give.be\/fr\/nouvelles\/inauguration-du-cheque-cadeau-schoten\/\" aria-label=\"Inauguration du ch\u00e8que-cadeau &#8216;Profiter de Schoten&#8217;\"><\/a>\n\t<\/div>\n<\/div>\n<\/div>\n<\/li>\n\t\t\t\n\t\t\t\n\t\t\t\t\t\t\t\t\t\t\t\t\t\t\t\t\t\t\t\t\t\t\t\t\t\t\t\t\t\t\t\t\t\t\t\t\t\t\t\t\t\t\t\t\t\t\t\t\t\t\t\t\t\t\t\t\t\t\t\t\t\t\t\t\t\t\t\t<\/ul>\n\t<\/div>\n\t<div class=\"fusion-post-content post-content\"><h2 class=\"blog-shortcode-post-title entry-title\"><a href=\"https:\/\/www.gift2give.be\/fr\/nouvelles\/inauguration-du-cheque-cadeau-schoten\/\">Inauguration du ch\u00e8que-cadeau &#8216;Profiter de Schoten&#8217;<\/a><\/h2><div class=\"fusion-post-content-container\"><p>       \u00c0 partir du 1er septembre 2021, la nouvelle association des commer\u00e7ants de Schoten lancera le ch\u00e8que-cadeau \"Profiter de Schoten\". Les clients peuvent acheter le ch\u00e8que-cadeau via www.genietvanschoten.be ou dans l'un des points de vente: la station-service Q8, Scalini ou l'h\u00f4tel de ville. Le client [...]<\/p><\/div><\/div><div class=\"fusion-clearfix\"><\/div><\/article>\n<article id=\"blog-1-post-2373\" class=\"fusion-post-medium-alternate post-2373 post type-post status-publish format-standard has-post-thumbnail hentry category-nouvelles tag-83 tag-corona tag-economie-locale tag-gift2give tag-pourboire tag-pourboire-numerique\">\n<div class=\"fusion-date-and-formats\"><div class=\"fusion-date-box updated\"><span class=\"fusion-date\">29<\/span><span class=\"fusion-month-year\">08, 2021<\/span><\/div><div class=\"fusion-format-box\"><i class=\"awb-icon-pen\" aria-hidden=\"true\"><\/i><\/div><\/div>\t<style type=\"text\/css\">\n\t\t\n\t\t\n\t\t\n\t\t\n\t\t\t<\/style>\n\n\n\t\t\t<div class=\"fusion-flexslider flexslider fusion-flexslider-loading fusion-post-slideshow\" style=\"\">\n\t\t<ul class=\"slides\">\n\t\t\t\n\t\t\t\t\t\t\t\t\t\t\t\t\t\t<li><div  class=\"fusion-image-wrapper fusion-image-size-fixed\" aria-haspopup=\"true\">\n\t\t\t\t<img width=\"286\" height=\"202\" src=\"https:\/\/www.gift2give.be\/fr\/wp-content\/uploads\/2021\/08\/Picture-2.png\" class=\"attachment-blog-medium size-blog-medium wp-post-image\" alt=\"\" \/><div class=\"fusion-rollover\">\n\t<div class=\"fusion-rollover-content\">\n\n\t\t\t\t\t\t\t\t\t\t\t\t\t\t<a class=\"fusion-rollover-link\" href=\"https:\/\/www.gift2give.be\/fr\/nouvelles\/tipzz-le-pourboire-numerique-est-la-nouvelle-normalite\/\">Tipzz, le pourboire num\u00e9rique est la nouvelle normalit\u00e9<\/a>\n\t\t\t\n\t\t\t\t\t\t\t\t\t\t\t\t\t\t\n\t\t\t\t\t\t\t\t\n\t\t\t\t\t\t\t\t\t\t\t\t\t<div class=\"fusion-rollover-sep\"><\/div>\n\t\t\t\t\n\t\t\t\t\t\t\t\t\t\t\t\t\t\t\t\t\t\t<a class=\"fusion-rollover-gallery\" href=\"https:\/\/www.gift2give.be\/fr\/wp-content\/uploads\/2021\/08\/Picture-2.png\" data-id=\"2373\" data-rel=\"iLightbox[gallery]\" data-title=\"Picture 2\" data-caption=\"\">\n\t\t\t\t\t\tGallery\t\t\t\t\t<\/a>\n\t\t\t\t\t\t\t\t\t\t\t\t\t\t\n\t\t\n\t\t\t\t\t\t\t\t\t\t\t\t<h4 class=\"fusion-rollover-title\">\n\t\t\t\t\t<a class=\"fusion-rollover-title-link\" href=\"https:\/\/www.gift2give.be\/fr\/nouvelles\/tipzz-le-pourboire-numerique-est-la-nouvelle-normalite\/\">\n\t\t\t\t\t\tTipzz, le pourboire num\u00e9rique est la nouvelle normalit\u00e9\t\t\t\t\t<\/a>\n\t\t\t\t<\/h4>\n\t\t\t\n\t\t\t\t\t\t\t\t\t\t<div class=\"fusion-rollover-categories\"><a href=\"https:\/\/www.gift2give.be\/fr\/category\/nouvelles\/\" rel=\"tag\">nouvelles<\/a><\/div>\t\t\t\t\t\n\t\t\n\t\t\t\t\t\t<a class=\"fusion-link-wrapper\" href=\"https:\/\/www.gift2give.be\/fr\/nouvelles\/tipzz-le-pourboire-numerique-est-la-nouvelle-normalite\/\" aria-label=\"Tipzz, le pourboire num\u00e9rique est la nouvelle normalit\u00e9\"><\/a>\n\t<\/div>\n<\/div>\n<\/div>\n<\/li>\n\t\t\t\n\t\t\t\n\t\t\t\t\t\t\t\t\t\t\t\t\t\t\t\t\t\t\t\t\t\t\t\t\t\t\t\t\t\t\t\t\t\t\t\t\t\t\t\t\t\t\t\t\t\t\t\t\t\t\t\t\t\t\t\t\t\t\t\t\t\t\t\t\t\t\t\t<\/ul>\n\t<\/div>\n\t<div class=\"fusion-post-content post-content\"><h2 class=\"blog-shortcode-post-title entry-title\"><a href=\"https:\/\/www.gift2give.be\/fr\/nouvelles\/tipzz-le-pourboire-numerique-est-la-nouvelle-normalite\/\">Tipzz, le pourboire num\u00e9rique est la nouvelle normalit\u00e9<\/a><\/h2><div class=\"fusion-post-content-container\"><p>       Le pourboire num\u00e9rique n'a jamais \u00e9t\u00e9 aussi facile. Scannez le code QR chez le commer\u00e7ant, s\u00e9lectionnez le montant du pourboire, choisissez le mode de paiement et confirmez avec le code pin. Simple come bonjour! Vous pouvez \u00e9galement acheter un ch\u00e8que-cadeau num\u00e9rique via le site [...]<\/p><\/div><\/div><div class=\"fusion-clearfix\"><\/div><\/article>\n<article id=\"blog-1-post-2368\" class=\"fusion-post-medium-alternate post-2368 post type-post status-publish format-standard has-post-thumbnail hentry category-nouvelles tag-83 tag-cheque-cadeau tag-corona tag-economie-locale tag-gift2give tag-schoten\">\n<div class=\"fusion-date-and-formats\"><div class=\"fusion-date-box updated\"><span class=\"fusion-date\">26<\/span><span class=\"fusion-month-year\">06, 2021<\/span><\/div><div class=\"fusion-format-box\"><i class=\"awb-icon-pen\" aria-hidden=\"true\"><\/i><\/div><\/div>\t<style type=\"text\/css\">\n\t\t\n\t\t\n\t\t\n\t\t\n\t\t\t<\/style>\n\n\n\t\t\t<div class=\"fusion-flexslider flexslider fusion-flexslider-loading fusion-post-slideshow\" style=\"\">\n\t\t<ul class=\"slides\">\n\t\t\t\n\t\t\t\t\t\t\t\t\t\t\t\t\t\t<li><div  class=\"fusion-image-wrapper fusion-image-size-fixed\" aria-haspopup=\"true\">\n\t\t\t\t<img width=\"269\" height=\"202\" src=\"https:\/\/www.gift2give.be\/fr\/wp-content\/uploads\/2021\/08\/IMG_3563.jpeg\" class=\"attachment-blog-medium size-blog-medium wp-post-image\" alt=\"\" \/><div class=\"fusion-rollover\">\n\t<div class=\"fusion-rollover-content\">\n\n\t\t\t\t\t\t\t\t\t\t\t\t\t\t<a class=\"fusion-rollover-link\" href=\"https:\/\/www.gift2give.be\/fr\/nouvelles\/cheque-cadeau-burger-van-schoten\/\">&#8216;Burger van Schoten&#8217; ch\u00e8que-cadeau<\/a>\n\t\t\t\n\t\t\t\t\t\t\t\t\t\t\t\t\t\t\n\t\t\t\t\t\t\t\t\n\t\t\t\t\t\t\t\t\t\t\t\t\t<div class=\"fusion-rollover-sep\"><\/div>\n\t\t\t\t\n\t\t\t\t\t\t\t\t\t\t\t\t\t\t\t\t\t\t<a class=\"fusion-rollover-gallery\" href=\"https:\/\/www.gift2give.be\/fr\/wp-content\/uploads\/2021\/08\/IMG_3563.jpeg\" data-id=\"2368\" data-rel=\"iLightbox[gallery]\" data-title=\"IMG_3563\" data-caption=\"\">\n\t\t\t\t\t\tGallery\t\t\t\t\t<\/a>\n\t\t\t\t\t\t\t\t\t\t\t\t\t\t\n\t\t\n\t\t\t\t\t\t\t\t\t\t\t\t<h4 class=\"fusion-rollover-title\">\n\t\t\t\t\t<a class=\"fusion-rollover-title-link\" href=\"https:\/\/www.gift2give.be\/fr\/nouvelles\/cheque-cadeau-burger-van-schoten\/\">\n\t\t\t\t\t\t&#8216;Burger van Schoten&#8217; ch\u00e8que-cadeau\t\t\t\t\t<\/a>\n\t\t\t\t<\/h4>\n\t\t\t\n\t\t\t\t\t\t\t\t\t\t<div class=\"fusion-rollover-categories\"><a href=\"https:\/\/www.gift2give.be\/fr\/category\/nouvelles\/\" rel=\"tag\">nouvelles<\/a><\/div>\t\t\t\t\t\n\t\t\n\t\t\t\t\t\t<a class=\"fusion-link-wrapper\" href=\"https:\/\/www.gift2give.be\/fr\/nouvelles\/cheque-cadeau-burger-van-schoten\/\" aria-label=\"&#8216;Burger van Schoten&#8217; ch\u00e8que-cadeau\"><\/a>\n\t<\/div>\n<\/div>\n<\/div>\n<\/li>\n\t\t\t\n\t\t\t\n\t\t\t\t\t\t\t\t\t\t\t\t\t\t\t\t\t\t\t\t\t\t\t\t\t\t\t\t\t\t\t\t\t\t\t\t\t\t\t\t\t\t\t\t\t\t\t\t\t\t\t\t\t\t\t\t\t\t\t\t\t\t\t\t\t\t\t\t<\/ul>\n\t<\/div>\n\t<div class=\"fusion-post-content post-content\"><h2 class=\"blog-shortcode-post-title entry-title\"><a href=\"https:\/\/www.gift2give.be\/fr\/nouvelles\/cheque-cadeau-burger-van-schoten\/\">&#8216;Burger van Schoten&#8217; ch\u00e8que-cadeau<\/a><\/h2><div class=\"fusion-post-content-container\"><p>       'Den burger van Schoten' est un d\u00e9licieux hamburger cr\u00e9\u00e9 par et pour les habitants de Schoten. Ce produit 100 % local est disponible dans 24 restaurants de Schoten. 'Den burger van Schoten'? Cela fait aussi un cadeau savoureux. Vous pouvez acheter une carte-cadeau 'Burger [...]<\/p><\/div><\/div><div class=\"fusion-clearfix\"><\/div><\/article>\n<article id=\"blog-1-post-2364\" class=\"fusion-post-medium-alternate post-2364 post type-post status-publish format-standard has-post-thumbnail hentry category-nouvelles tag-83 tag-cheque-cadeau tag-corona tag-economie-locale tag-gift2give tag-heers tag-looz\">\n<div class=\"fusion-date-and-formats\"><div class=\"fusion-date-box updated\"><span class=\"fusion-date\">23<\/span><span class=\"fusion-month-year\">05, 2021<\/span><\/div><div class=\"fusion-format-box\"><i class=\"awb-icon-pen\" aria-hidden=\"true\"><\/i><\/div><\/div>\t<style type=\"text\/css\">\n\t\t\n\t\t\n\t\t\n\t\t\n\t\t\t<\/style>\n\n\n\t\t\t<div class=\"fusion-flexslider flexslider fusion-flexslider-loading fusion-post-slideshow\" style=\"\">\n\t\t<ul class=\"slides\">\n\t\t\t\n\t\t\t\t\t\t\t\t\t\t\t\t\t\t<li><div  class=\"fusion-image-wrapper fusion-image-size-fixed\" aria-haspopup=\"true\">\n\t\t\t\t<img width=\"305\" height=\"202\" src=\"https:\/\/www.gift2give.be\/fr\/wp-content\/uploads\/2020\/11\/Picture-2.png\" class=\"attachment-blog-medium size-blog-medium wp-post-image\" alt=\"\" \/><div class=\"fusion-rollover\">\n\t<div class=\"fusion-rollover-content\">\n\n\t\t\t\t\t\t\t\t\t\t\t\t\t\t<a class=\"fusion-rollover-link\" href=\"https:\/\/www.gift2give.be\/fr\/nouvelles\/inauguration-des-cartes-de-relance-de-looz-et-heers\/\">Inauguration des cartes de relance de Looz et Heers<\/a>\n\t\t\t\n\t\t\t\t\t\t\t\t\t\t\t\t\t\t\n\t\t\t\t\t\t\t\t\n\t\t\t\t\t\t\t\t\t\t\t\t\t<div class=\"fusion-rollover-sep\"><\/div>\n\t\t\t\t\n\t\t\t\t\t\t\t\t\t\t\t\t\t\t\t\t\t\t<a class=\"fusion-rollover-gallery\" href=\"https:\/\/www.gift2give.be\/fr\/wp-content\/uploads\/2020\/11\/Picture-2.png\" data-id=\"2364\" data-rel=\"iLightbox[gallery]\" data-title=\"Picture 2\" data-caption=\"\">\n\t\t\t\t\t\tGallery\t\t\t\t\t<\/a>\n\t\t\t\t\t\t\t\t\t\t\t\t\t\t\n\t\t\n\t\t\t\t\t\t\t\t\t\t\t\t<h4 class=\"fusion-rollover-title\">\n\t\t\t\t\t<a class=\"fusion-rollover-title-link\" href=\"https:\/\/www.gift2give.be\/fr\/nouvelles\/inauguration-des-cartes-de-relance-de-looz-et-heers\/\">\n\t\t\t\t\t\tInauguration des cartes de relance de Looz et Heers\t\t\t\t\t<\/a>\n\t\t\t\t<\/h4>\n\t\t\t\n\t\t\t\t\t\t\t\t\t\t<div class=\"fusion-rollover-categories\"><a href=\"https:\/\/www.gift2give.be\/fr\/category\/nouvelles\/\" rel=\"tag\">nouvelles<\/a><\/div>\t\t\t\t\t\n\t\t\n\t\t\t\t\t\t<a class=\"fusion-link-wrapper\" href=\"https:\/\/www.gift2give.be\/fr\/nouvelles\/inauguration-des-cartes-de-relance-de-looz-et-heers\/\" aria-label=\"Inauguration des cartes de relance de Looz et Heers\"><\/a>\n\t<\/div>\n<\/div>\n<\/div>\n<\/li>\n\t\t\t\n\t\t\t\n\t\t\t\t\t\t\t\t\t\t\t\t\t\t\t\t\t\t\t\t\t\t\t\t\t\t\t\t\t\t\t\t\t\t\t\t\t\t\t\t\t\t\t\t\t\t\t\t\t\t\t\t\t\t\t\t\t\t\t\t\t\t\t\t\t\t\t\t<\/ul>\n\t<\/div>\n\t<div class=\"fusion-post-content post-content\"><h2 class=\"blog-shortcode-post-title entry-title\"><a href=\"https:\/\/www.gift2give.be\/fr\/nouvelles\/inauguration-des-cartes-de-relance-de-looz-et-heers\/\">Inauguration des cartes de relance de Looz et Heers<\/a><\/h2><div class=\"fusion-post-content-container\"><p>       Si nous effectuons nos achats le plus localement possible, nous apportons un soutien indispensable \u00e0 nos commer\u00e7ants en ces temps exceptionnels de couronnement. C'est ainsi que le bon de r\u00e9lance de Looz et Heers a vu le jour. Pour tout achat de 25 euros, [...]<\/p><\/div><\/div><div class=\"fusion-clearfix\"><\/div><\/article>\n<article id=\"blog-1-post-2360\" class=\"fusion-post-medium-alternate post-2360 post type-post status-publish format-standard has-post-thumbnail hentry category-nouvelles tag-83 tag-cheque-cadeau tag-corona tag-economie-locale tag-gift2give tag-vilvorde\">\n<div class=\"fusion-date-and-formats\"><div class=\"fusion-date-box updated\"><span class=\"fusion-date\">12<\/span><span class=\"fusion-month-year\">04, 2021<\/span><\/div><div class=\"fusion-format-box\"><i class=\"awb-icon-pen\" aria-hidden=\"true\"><\/i><\/div><\/div>\t<style type=\"text\/css\">\n\t\t\n\t\t\n\t\t\n\t\t\n\t\t\t<\/style>\n\n\n\t\t\t<div class=\"fusion-flexslider flexslider fusion-flexslider-loading fusion-post-slideshow\" style=\"\">\n\t\t<ul class=\"slides\">\n\t\t\t\n\t\t\t\t\t\t\t\t\t\t\t\t\t\t<li><div  class=\"fusion-image-wrapper fusion-image-size-fixed\" aria-haspopup=\"true\">\n\t\t\t\t<img width=\"320\" height=\"145\" src=\"https:\/\/www.gift2give.be\/fr\/wp-content\/uploads\/2020\/11\/Vilvoorde-gezinsbon.png\" class=\"attachment-blog-medium size-blog-medium wp-post-image\" alt=\"\" \/><div class=\"fusion-rollover\">\n\t<div class=\"fusion-rollover-content\">\n\n\t\t\t\t\t\t\t\t\t\t\t\t\t\t<a class=\"fusion-rollover-link\" href=\"https:\/\/www.gift2give.be\/fr\/nouvelles\/distribution-de-cartes-cadeaux-familiales-dans-la-ville-de-vilvorde\/\">Distribution de cartes-cadeaux familiales dans la ville de Vilvorde<\/a>\n\t\t\t\n\t\t\t\t\t\t\t\t\t\t\t\t\t\t\n\t\t\t\t\t\t\t\t\n\t\t\t\t\t\t\t\t\t\t\t\t\t<div class=\"fusion-rollover-sep\"><\/div>\n\t\t\t\t\n\t\t\t\t\t\t\t\t\t\t\t\t\t\t\t\t\t\t<a class=\"fusion-rollover-gallery\" href=\"https:\/\/www.gift2give.be\/fr\/wp-content\/uploads\/2020\/11\/Vilvoorde-gezinsbon.png\" data-id=\"2360\" data-rel=\"iLightbox[gallery]\" data-title=\"Vilvoorde gezinsbon\" data-caption=\"\">\n\t\t\t\t\t\tGallery\t\t\t\t\t<\/a>\n\t\t\t\t\t\t\t\t\t\t\t\t\t\t\n\t\t\n\t\t\t\t\t\t\t\t\t\t\t\t<h4 class=\"fusion-rollover-title\">\n\t\t\t\t\t<a class=\"fusion-rollover-title-link\" href=\"https:\/\/www.gift2give.be\/fr\/nouvelles\/distribution-de-cartes-cadeaux-familiales-dans-la-ville-de-vilvorde\/\">\n\t\t\t\t\t\tDistribution de cartes-cadeaux familiales dans la ville de Vilvorde\t\t\t\t\t<\/a>\n\t\t\t\t<\/h4>\n\t\t\t\n\t\t\t\t\t\t\t\t\t\t<div class=\"fusion-rollover-categories\"><a href=\"https:\/\/www.gift2give.be\/fr\/category\/nouvelles\/\" rel=\"tag\">nouvelles<\/a><\/div>\t\t\t\t\t\n\t\t\n\t\t\t\t\t\t<a class=\"fusion-link-wrapper\" href=\"https:\/\/www.gift2give.be\/fr\/nouvelles\/distribution-de-cartes-cadeaux-familiales-dans-la-ville-de-vilvorde\/\" aria-label=\"Distribution de cartes-cadeaux familiales dans la ville de Vilvorde\"><\/a>\n\t<\/div>\n<\/div>\n<\/div>\n<\/li>\n\t\t\t\n\t\t\t\n\t\t\t\t\t\t\t\t\t\t\t\t\t\t\t\t\t\t\t\t\t\t\t\t\t\t\t\t\t\t\t\t\t\t\t\t\t\t\t\t\t\t\t\t\t\t\t\t\t\t\t\t\t\t\t\t\t\t\t\t\t\t\t\t\t\t\t\t<\/ul>\n\t<\/div>\n\t<div class=\"fusion-post-content post-content\"><h2 class=\"blog-shortcode-post-title entry-title\"><a href=\"https:\/\/www.gift2give.be\/fr\/nouvelles\/distribution-de-cartes-cadeaux-familiales-dans-la-ville-de-vilvorde\/\">Distribution de cartes-cadeaux familiales dans la ville de Vilvorde<\/a><\/h2><div class=\"fusion-post-content-container\"><p>       Apr\u00e8s le ch\u00e8que-cadeau num\u00e9rique pour les employ\u00e9s de la ville et le ch\u00e8que pour les personnes moins chanceux, le ch\u00e8que familial a \u00e9t\u00e9 lanc\u00e9 aupr\u00e8s des habitants de Vilvorde en avril. Tous les habitants de Vilvorde ont re\u00e7u par courrier un ch\u00e8que-cadeau de 15 [...]<\/p><\/div><\/div><div class=\"fusion-clearfix\"><\/div><\/article>\n<article id=\"blog-1-post-2350\" class=\"fusion-post-medium-alternate post-2350 post type-post status-publish format-standard has-post-thumbnail hentry category-nouvelles tag-83 tag-cheque-cadeau tag-corona tag-economie-locale tag-gift2give tag-renaix\">\n<div class=\"fusion-date-and-formats\"><div class=\"fusion-date-box updated\"><span class=\"fusion-date\">18<\/span><span class=\"fusion-month-year\">02, 2021<\/span><\/div><div class=\"fusion-format-box\"><i class=\"awb-icon-pen\" aria-hidden=\"true\"><\/i><\/div><\/div>\t<style type=\"text\/css\">\n\t\t\n\t\t\n\t\t\n\t\t\n\t\t\t<\/style>\n\n\n\t\t\t<div class=\"fusion-flexslider flexslider fusion-flexslider-loading fusion-post-slideshow\" style=\"\">\n\t\t<ul class=\"slides\">\n\t\t\t\n\t\t\t\t\t\t\t\t\t\t\t\t\t\t<li><div  class=\"fusion-image-wrapper fusion-image-size-fixed\" aria-haspopup=\"true\">\n\t\t\t\t<img width=\"320\" height=\"151\" src=\"https:\/\/www.gift2give.be\/fr\/wp-content\/uploads\/2021\/08\/Ronse.png\" class=\"attachment-blog-medium size-blog-medium wp-post-image\" alt=\"\" \/><div class=\"fusion-rollover\">\n\t<div class=\"fusion-rollover-content\">\n\n\t\t\t\t\t\t\t\t\t\t\t\t\t\t<a class=\"fusion-rollover-link\" href=\"https:\/\/www.gift2give.be\/fr\/nouvelles\/la-ville-de-renaix-investit-200000-euros-dans-son-economie-local\/\">La ville de Renaix investit 200 000 euros dans son \u00e9conomie locale<\/a>\n\t\t\t\n\t\t\t\t\t\t\t\t\t\t\t\t\t\t\n\t\t\t\t\t\t\t\t\n\t\t\t\t\t\t\t\t\t\t\t\t\t<div class=\"fusion-rollover-sep\"><\/div>\n\t\t\t\t\n\t\t\t\t\t\t\t\t\t\t\t\t\t\t\t\t\t\t<a class=\"fusion-rollover-gallery\" href=\"https:\/\/www.gift2give.be\/fr\/wp-content\/uploads\/2021\/08\/Ronse.png\" data-id=\"2350\" data-rel=\"iLightbox[gallery]\" data-title=\"Ronse\" data-caption=\"\">\n\t\t\t\t\t\tGallery\t\t\t\t\t<\/a>\n\t\t\t\t\t\t\t\t\t\t\t\t\t\t\n\t\t\n\t\t\t\t\t\t\t\t\t\t\t\t<h4 class=\"fusion-rollover-title\">\n\t\t\t\t\t<a class=\"fusion-rollover-title-link\" href=\"https:\/\/www.gift2give.be\/fr\/nouvelles\/la-ville-de-renaix-investit-200000-euros-dans-son-economie-local\/\">\n\t\t\t\t\t\tLa ville de Renaix investit 200 000 euros dans son \u00e9conomie locale\t\t\t\t\t<\/a>\n\t\t\t\t<\/h4>\n\t\t\t\n\t\t\t\t\t\t\t\t\t\t<div class=\"fusion-rollover-categories\"><a href=\"https:\/\/www.gift2give.be\/fr\/category\/nouvelles\/\" rel=\"tag\">nouvelles<\/a><\/div>\t\t\t\t\t\n\t\t\n\t\t\t\t\t\t<a class=\"fusion-link-wrapper\" href=\"https:\/\/www.gift2give.be\/fr\/nouvelles\/la-ville-de-renaix-investit-200000-euros-dans-son-economie-local\/\" aria-label=\"La ville de Renaix investit 200 000 euros dans son \u00e9conomie locale\"><\/a>\n\t<\/div>\n<\/div>\n<\/div>\n<\/li>\n\t\t\t\n\t\t\t\n\t\t\t\t\t\t\t\t\t\t\t\t\t\t\t\t\t\t\t\t\t\t\t\t\t\t\t\t\t\t\t\t\t\t\t\t\t\t\t\t\t\t\t\t\t\t\t\t\t\t\t\t\t\t\t\t\t\t\t\t\t\t\t\t\t\t\t\t<\/ul>\n\t<\/div>\n\t<div class=\"fusion-post-content post-content\"><h2 class=\"blog-shortcode-post-title entry-title\"><a href=\"https:\/\/www.gift2give.be\/fr\/nouvelles\/la-ville-de-renaix-investit-200000-euros-dans-son-economie-local\/\">La ville de Renaix investit 200 000 euros dans son \u00e9conomie locale<\/a><\/h2><div class=\"fusion-post-content-container\"><p>       Pour donner un coup de pouce \u00e0 tous et en remerciement des efforts exceptionnels d\u00e9ploy\u00e9s pendant le coronavirus, un ch\u00e8que-cadeau de 25 euros par famille a \u00e9t\u00e9 offert par l'administration de la ville. Cet investissement de 200 000 euros sert \u00e9galement \u00e0 relancer l'\u00e9conomie [...]<\/p><\/div><\/div><div class=\"fusion-clearfix\"><\/div><\/article>\n<article id=\"blog-1-post-2354\" class=\"fusion-post-medium-alternate post-2354 post type-post status-publish format-standard has-post-thumbnail hentry category-nouvelles tag-74 tag-carte-de-consommation tag-corona tag-economie-locale tag-gift2give tag-haaltert\">\n<div class=\"fusion-date-and-formats\"><div class=\"fusion-date-box updated\"><span class=\"fusion-date\">29<\/span><span class=\"fusion-month-year\">12, 2020<\/span><\/div><div class=\"fusion-format-box\"><i class=\"awb-icon-pen\" aria-hidden=\"true\"><\/i><\/div><\/div>\t<style type=\"text\/css\">\n\t\t\n\t\t\n\t\t\n\t\t\n\t\t\t<\/style>\n\n\n\t\t\t<div class=\"fusion-flexslider flexslider fusion-flexslider-loading fusion-post-slideshow\" style=\"\">\n\t\t<ul class=\"slides\">\n\t\t\t\n\t\t\t\t\t\t\t\t\t\t\t\t\t\t<li><div  class=\"fusion-image-wrapper fusion-image-size-fixed\" aria-haspopup=\"true\">\n\t\t\t\t<img width=\"259\" height=\"202\" src=\"https:\/\/www.gift2give.be\/fr\/wp-content\/uploads\/2020\/11\/Picture-1-kopie.png\" class=\"attachment-blog-medium size-blog-medium wp-post-image\" alt=\"\" \/><div class=\"fusion-rollover\">\n\t<div class=\"fusion-rollover-content\">\n\n\t\t\t\t\t\t\t\t\t\t\t\t\t\t<a class=\"fusion-rollover-link\" href=\"https:\/\/www.gift2give.be\/fr\/nouvelles\/cheque-consommation-personnel-de-haaltert\/\">Ch\u00e8que consommation personnel de Haaltert<\/a>\n\t\t\t\n\t\t\t\t\t\t\t\t\t\t\t\t\t\t\n\t\t\t\t\t\t\t\t\n\t\t\t\t\t\t\t\t\t\t\t\t\t<div class=\"fusion-rollover-sep\"><\/div>\n\t\t\t\t\n\t\t\t\t\t\t\t\t\t\t\t\t\t\t\t\t\t\t<a class=\"fusion-rollover-gallery\" href=\"https:\/\/www.gift2give.be\/fr\/wp-content\/uploads\/2020\/11\/Picture-1-kopie.png\" data-id=\"2354\" data-rel=\"iLightbox[gallery]\" data-title=\"Picture 1 kopie\" data-caption=\"\">\n\t\t\t\t\t\tGallery\t\t\t\t\t<\/a>\n\t\t\t\t\t\t\t\t\t\t\t\t\t\t\n\t\t\n\t\t\t\t\t\t\t\t\t\t\t\t<h4 class=\"fusion-rollover-title\">\n\t\t\t\t\t<a class=\"fusion-rollover-title-link\" href=\"https:\/\/www.gift2give.be\/fr\/nouvelles\/cheque-consommation-personnel-de-haaltert\/\">\n\t\t\t\t\t\tCh\u00e8que consommation personnel de Haaltert\t\t\t\t\t<\/a>\n\t\t\t\t<\/h4>\n\t\t\t\n\t\t\t\t\t\t\t\t\t\t<div class=\"fusion-rollover-categories\"><a href=\"https:\/\/www.gift2give.be\/fr\/category\/nouvelles\/\" rel=\"tag\">nouvelles<\/a><\/div>\t\t\t\t\t\n\t\t\n\t\t\t\t\t\t<a class=\"fusion-link-wrapper\" href=\"https:\/\/www.gift2give.be\/fr\/nouvelles\/cheque-consommation-personnel-de-haaltert\/\" aria-label=\"Ch\u00e8que consommation personnel de Haaltert\"><\/a>\n\t<\/div>\n<\/div>\n<\/div>\n<\/li>\n\t\t\t\n\t\t\t\n\t\t\t\t\t\t\t\t\t\t\t\t\t\t\t\t\t\t\t\t\t\t\t\t\t\t\t\t\t\t\t\t\t\t\t\t\t\t\t\t\t\t\t\t\t\t\t\t\t\t\t\t\t\t\t\t\t\t\t\t\t\t\t\t\t\t\t\t<\/ul>\n\t<\/div>\n\t<div class=\"fusion-post-content post-content\"><h2 class=\"blog-shortcode-post-title entry-title\"><a href=\"https:\/\/www.gift2give.be\/fr\/nouvelles\/cheque-consommation-personnel-de-haaltert\/\">Ch\u00e8que consommation personnel de Haaltert<\/a><\/h2><div class=\"fusion-post-content-container\"><p>       \u00c0 la fin de l'ann\u00e9e 2020, la commune de Haaltert a d\u00e9cid\u00e9 de remettre des ch\u00e8ques consommation \u00e0 son personnel pour le remercier de ses efforts durant la crise Corona. Cette initiative a \u00e9t\u00e9 accueillie avec beaucoup d'\u00e9loges et d'enthousiasme par tous. Revenir aux [...]<\/p><\/div><\/div><div class=\"fusion-clearfix\"><\/div><\/article>\n<article id=\"blog-1-post-2326\" class=\"fusion-post-medium-alternate post-2326 post type-post status-publish format-standard has-post-thumbnail hentry category-nouvelles tag-83 tag-carte-cadeau tag-corona tag-economie-locale tag-gift2give tag-tirlemont\">\n<div class=\"fusion-date-and-formats\"><div class=\"fusion-date-box updated\"><span class=\"fusion-date\">29<\/span><span class=\"fusion-month-year\">11, 2020<\/span><\/div><div class=\"fusion-format-box\"><i class=\"awb-icon-pen\" aria-hidden=\"true\"><\/i><\/div><\/div>\t<style type=\"text\/css\">\n\t\t\n\t\t\n\t\t\n\t\t\n\t\t\t<\/style>\n\n\n\t\t\t<div class=\"fusion-flexslider flexslider fusion-flexslider-loading fusion-post-slideshow\" style=\"\">\n\t\t<ul class=\"slides\">\n\t\t\t\n\t\t\t\t\t\t\t\t\t\t\t\t\t\t<li><div  class=\"fusion-image-wrapper fusion-image-size-fixed\" aria-haspopup=\"true\">\n\t\t\t\t<img width=\"320\" height=\"152\" src=\"https:\/\/www.gift2give.be\/fr\/wp-content\/uploads\/2020\/11\/T-bon-Tienen.png\" class=\"attachment-blog-medium size-blog-medium wp-post-image\" alt=\"\" \/><div class=\"fusion-rollover\">\n\t<div class=\"fusion-rollover-content\">\n\n\t\t\t\t\t\t\t\t\t\t\t\t\t\t<a class=\"fusion-rollover-link\" href=\"https:\/\/www.gift2give.be\/fr\/nouvelles\/inauguration-du-nouveau-t-bon-tienen\/\">Inauguration du nouveau T-bon Tienen<\/a>\n\t\t\t\n\t\t\t\t\t\t\t\t\t\t\t\t\t\t\n\t\t\t\t\t\t\t\t\n\t\t\t\t\t\t\t\t\t\t\t\t\t<div class=\"fusion-rollover-sep\"><\/div>\n\t\t\t\t\n\t\t\t\t\t\t\t\t\t\t\t\t\t\t\t\t\t\t<a class=\"fusion-rollover-gallery\" href=\"https:\/\/www.gift2give.be\/fr\/wp-content\/uploads\/2020\/11\/T-bon-Tienen.png\" data-id=\"2326\" data-rel=\"iLightbox[gallery]\" data-title=\"T-bon Tienen\" data-caption=\"\">\n\t\t\t\t\t\tGallery\t\t\t\t\t<\/a>\n\t\t\t\t\t\t\t\t\t\t\t\t\t\t\n\t\t\n\t\t\t\t\t\t\t\t\t\t\t\t<h4 class=\"fusion-rollover-title\">\n\t\t\t\t\t<a class=\"fusion-rollover-title-link\" href=\"https:\/\/www.gift2give.be\/fr\/nouvelles\/inauguration-du-nouveau-t-bon-tienen\/\">\n\t\t\t\t\t\tInauguration du nouveau T-bon Tienen\t\t\t\t\t<\/a>\n\t\t\t\t<\/h4>\n\t\t\t\n\t\t\t\t\t\t\t\t\t\t<div class=\"fusion-rollover-categories\"><a href=\"https:\/\/www.gift2give.be\/fr\/category\/nouvelles\/\" rel=\"tag\">nouvelles<\/a><\/div>\t\t\t\t\t\n\t\t\n\t\t\t\t\t\t<a class=\"fusion-link-wrapper\" href=\"https:\/\/www.gift2give.be\/fr\/nouvelles\/inauguration-du-nouveau-t-bon-tienen\/\" aria-label=\"Inauguration du nouveau T-bon Tienen\"><\/a>\n\t<\/div>\n<\/div>\n<\/div>\n<\/li>\n\t\t\t\n\t\t\t\n\t\t\t\t\t\t\t\t\t\t\t\t\t\t\t\t\t\t\t\t\t\t\t\t\t\t\t\t\t\t\t\t\t\t\t\t\t\t\t\t\t\t\t\t\t\t\t\t\t\t\t\t\t\t\t\t\t\t\t\t\t\t\t\t\t\t\t\t<\/ul>\n\t<\/div>\n\t<div class=\"fusion-post-content post-content\"><h2 class=\"blog-shortcode-post-title entry-title\"><a href=\"https:\/\/www.gift2give.be\/fr\/nouvelles\/inauguration-du-nouveau-t-bon-tienen\/\">Inauguration du nouveau T-bon Tienen<\/a><\/h2><div class=\"fusion-post-content-container\"><p>       Dans le cadre du soutien de l'\u00e9conomie locale de Tirlemont, une version actualis\u00e9e du T-bon a \u00e9t\u00e9 lanc\u00e9e. Avec ce ch\u00e8que-cadeau, qui peut \u00e9galement \u00eatre achet\u00e9 sur le site web, les validations partielles sont \u00e9galement possibles. Outre la boutique en ligne, le T-bon est [...]<\/p><\/div><\/div><div class=\"fusion-clearfix\"><\/div><\/article>\n<article id=\"blog-1-post-1567\" class=\"fusion-post-medium-alternate post-1567 post type-post status-publish format-standard has-post-thumbnail hentry category-nouvelles tag-74 tag-carte-cadeau tag-corona tag-economie-locale tag-gift2give tag-lanaken\">\n<div class=\"fusion-date-and-formats\"><div class=\"fusion-date-box updated\"><span class=\"fusion-date\">18<\/span><span class=\"fusion-month-year\">04, 2020<\/span><\/div><div class=\"fusion-format-box\"><i class=\"awb-icon-pen\" aria-hidden=\"true\"><\/i><\/div><\/div>\t<style type=\"text\/css\">\n\t\t\n\t\t\n\t\t\n\t\t\n\t\t\t<\/style>\n\n\n\t\t\t<div class=\"fusion-flexslider flexslider fusion-flexslider-loading fusion-post-slideshow\" style=\"\">\n\t\t<ul class=\"slides\">\n\t\t\t\n\t\t\t\t\t\t\t\t\t\t\t\t\t\t<li><div  class=\"fusion-image-wrapper fusion-image-size-fixed\" aria-haspopup=\"true\">\n\t\t\t\t<img width=\"320\" height=\"202\" src=\"https:\/\/www.gift2give.be\/fr\/wp-content\/uploads\/2020\/04\/G2G-social-media-Lanaken--320x202.jpg\" class=\"attachment-blog-medium size-blog-medium wp-post-image\" alt=\"\" srcset=\"https:\/\/www.gift2give.be\/fr\/wp-content\/uploads\/2020\/04\/G2G-social-media-Lanaken--320x202.jpg 320w, https:\/\/www.gift2give.be\/fr\/wp-content\/uploads\/2020\/04\/G2G-social-media-Lanaken--700x441.jpg 700w\" sizes=\"(max-width: 320px) 100vw, 320px\" \/><div class=\"fusion-rollover\">\n\t<div class=\"fusion-rollover-content\">\n\n\t\t\t\t\t\t\t\t\t\t\t\t\t\t<a class=\"fusion-rollover-link\" href=\"https:\/\/www.gift2give.be\/fr\/nouvelles\/prolongation-de-3-mois-des-cartes-cadeaux-actives-lanaken\/\">Prolongation de 3 mois des cartes cadeaux actives Lanaken<\/a>\n\t\t\t\n\t\t\t\t\t\t\t\t\t\t\t\t\t\t\n\t\t\t\t\t\t\t\t\n\t\t\t\t\t\t\t\t\t\t\t\t\t<div class=\"fusion-rollover-sep\"><\/div>\n\t\t\t\t\n\t\t\t\t\t\t\t\t\t\t\t\t\t\t\t\t\t\t<a class=\"fusion-rollover-gallery\" href=\"https:\/\/www.gift2give.be\/fr\/wp-content\/uploads\/2020\/04\/G2G-social-media-Lanaken-.jpg\" data-id=\"1567\" data-rel=\"iLightbox[gallery]\" data-title=\"G2G---social-media---Lanaken-\" data-caption=\"\">\n\t\t\t\t\t\tGallery\t\t\t\t\t<\/a>\n\t\t\t\t\t\t\t\t\t\t\t\t\t\t\n\t\t\n\t\t\t\t\t\t\t\t\t\t\t\t<h4 class=\"fusion-rollover-title\">\n\t\t\t\t\t<a class=\"fusion-rollover-title-link\" href=\"https:\/\/www.gift2give.be\/fr\/nouvelles\/prolongation-de-3-mois-des-cartes-cadeaux-actives-lanaken\/\">\n\t\t\t\t\t\tProlongation de 3 mois des cartes cadeaux actives Lanaken\t\t\t\t\t<\/a>\n\t\t\t\t<\/h4>\n\t\t\t\n\t\t\t\t\t\t\t\t\t\t<div class=\"fusion-rollover-categories\"><a href=\"https:\/\/www.gift2give.be\/fr\/category\/nouvelles\/\" rel=\"tag\">nouvelles<\/a><\/div>\t\t\t\t\t\n\t\t\n\t\t\t\t\t\t<a class=\"fusion-link-wrapper\" href=\"https:\/\/www.gift2give.be\/fr\/nouvelles\/prolongation-de-3-mois-des-cartes-cadeaux-actives-lanaken\/\" aria-label=\"Prolongation de 3 mois des cartes cadeaux actives Lanaken\"><\/a>\n\t<\/div>\n<\/div>\n<\/div>\n<\/li>\n\t\t\t\n\t\t\t\n\t\t\t\t\t\t\t\t\t\t\t\t\t\t\t\t\t\t\t\t\t\t\t\t\t\t\t\t\t\t\t\t\t\t\t\t\t\t\t\t\t\t\t\t\t\t\t\t\t\t\t\t\t\t\t\t\t\t\t\t\t\t\t\t\t\t\t\t<\/ul>\n\t<\/div>\n\t<div class=\"fusion-post-content post-content\"><h2 class=\"blog-shortcode-post-title entry-title\"><a href=\"https:\/\/www.gift2give.be\/fr\/nouvelles\/prolongation-de-3-mois-des-cartes-cadeaux-actives-lanaken\/\">Prolongation de 3 mois des cartes cadeaux actives Lanaken<\/a><\/h2><div class=\"fusion-post-content-container\"><p>       La commune de Lanaken et son partenaire en cartes-cadeaux municipales Gift2Give prennent leur responsabilit\u00e9 sociale tr\u00e8s au s\u00e9rieux. \u00c0 Lanaken, une carte-cadeau destin\u00e9e \u00e0 soutenir l'\u00e9conomie locale existe depuis quelques ann\u00e9es d\u00e9j\u00e0 et il a \u00e9t\u00e9 d\u00e9cid\u00e9 que toutes les cartes-cadeaux actives en circulation [...]<\/p><\/div><\/div><div class=\"fusion-clearfix\"><\/div><\/article>\n<article id=\"blog-1-post-1576\" class=\"fusion-post-medium-alternate post-1576 post type-post status-publish format-standard has-post-thumbnail hentry category-nouvelles tag-74 tag-carte-cadeau tag-corona tag-economie-locale tag-gift2give tag-merelbeke\">\n<div class=\"fusion-date-and-formats\"><div class=\"fusion-date-box updated\"><span class=\"fusion-date\">14<\/span><span class=\"fusion-month-year\">04, 2020<\/span><\/div><div class=\"fusion-format-box\"><i class=\"awb-icon-pen\" aria-hidden=\"true\"><\/i><\/div><\/div>\t<style type=\"text\/css\">\n\t\t\n\t\t\n\t\t\n\t\t\n\t\t\t<\/style>\n\n\n\t\t\t<div class=\"fusion-flexslider flexslider fusion-flexslider-loading fusion-post-slideshow\" style=\"\">\n\t\t<ul class=\"slides\">\n\t\t\t\n\t\t\t\t\t\t\t\t\t\t\t\t\t\t<li><div  class=\"fusion-image-wrapper fusion-image-size-fixed\" aria-haspopup=\"true\">\n\t\t\t\t<img width=\"320\" height=\"202\" src=\"https:\/\/www.gift2give.be\/fr\/wp-content\/uploads\/2020\/04\/G2G-social-media-Merelbeke-320x202.jpg\" class=\"attachment-blog-medium size-blog-medium wp-post-image\" alt=\"\" srcset=\"https:\/\/www.gift2give.be\/fr\/wp-content\/uploads\/2020\/04\/G2G-social-media-Merelbeke-320x202.jpg 320w, https:\/\/www.gift2give.be\/fr\/wp-content\/uploads\/2020\/04\/G2G-social-media-Merelbeke-700x441.jpg 700w\" sizes=\"(max-width: 320px) 100vw, 320px\" \/><div class=\"fusion-rollover\">\n\t<div class=\"fusion-rollover-content\">\n\n\t\t\t\t\t\t\t\t\t\t\t\t\t\t<a class=\"fusion-rollover-link\" href=\"https:\/\/www.gift2give.be\/fr\/nouvelles\/3-mois-supplementaires-pour-lutilisation-de-cheques-cadeaux-actifs-merelbeke\/\">3 mois suppl\u00e9mentaires pour l&#8217;utilisation de ch\u00e8ques-cadeaux actifs Merelbeke<\/a>\n\t\t\t\n\t\t\t\t\t\t\t\t\t\t\t\t\t\t\n\t\t\t\t\t\t\t\t\n\t\t\t\t\t\t\t\t\t\t\t\t\t<div class=\"fusion-rollover-sep\"><\/div>\n\t\t\t\t\n\t\t\t\t\t\t\t\t\t\t\t\t\t\t\t\t\t\t<a class=\"fusion-rollover-gallery\" href=\"https:\/\/www.gift2give.be\/fr\/wp-content\/uploads\/2020\/04\/G2G-social-media-Merelbeke.jpg\" data-id=\"1576\" data-rel=\"iLightbox[gallery]\" data-title=\"G2G---social-media---Merelbeke\" data-caption=\"\">\n\t\t\t\t\t\tGallery\t\t\t\t\t<\/a>\n\t\t\t\t\t\t\t\t\t\t\t\t\t\t\n\t\t\n\t\t\t\t\t\t\t\t\t\t\t\t<h4 class=\"fusion-rollover-title\">\n\t\t\t\t\t<a class=\"fusion-rollover-title-link\" href=\"https:\/\/www.gift2give.be\/fr\/nouvelles\/3-mois-supplementaires-pour-lutilisation-de-cheques-cadeaux-actifs-merelbeke\/\">\n\t\t\t\t\t\t3 mois suppl\u00e9mentaires pour l&#8217;utilisation de ch\u00e8ques-cadeaux actifs Merelbeke\t\t\t\t\t<\/a>\n\t\t\t\t<\/h4>\n\t\t\t\n\t\t\t\t\t\t\t\t\t\t<div class=\"fusion-rollover-categories\"><a href=\"https:\/\/www.gift2give.be\/fr\/category\/nouvelles\/\" rel=\"tag\">nouvelles<\/a><\/div>\t\t\t\t\t\n\t\t\n\t\t\t\t\t\t<a class=\"fusion-link-wrapper\" href=\"https:\/\/www.gift2give.be\/fr\/nouvelles\/3-mois-supplementaires-pour-lutilisation-de-cheques-cadeaux-actifs-merelbeke\/\" aria-label=\"3 mois suppl\u00e9mentaires pour l&#8217;utilisation de ch\u00e8ques-cadeaux actifs Merelbeke\"><\/a>\n\t<\/div>\n<\/div>\n<\/div>\n<\/li>\n\t\t\t\n\t\t\t\n\t\t\t\t\t\t\t\t\t\t\t\t\t\t\t\t\t\t\t\t\t\t\t\t\t\t\t\t\t\t\t\t\t\t\t\t\t\t\t\t\t\t\t\t\t\t\t\t\t\t\t\t\t\t\t\t\t\t\t\t\t\t\t\t\t\t\t\t<\/ul>\n\t<\/div>\n\t<div class=\"fusion-post-content post-content\"><h2 class=\"blog-shortcode-post-title entry-title\"><a href=\"https:\/\/www.gift2give.be\/fr\/nouvelles\/3-mois-supplementaires-pour-lutilisation-de-cheques-cadeaux-actifs-merelbeke\/\">3 mois suppl\u00e9mentaires pour l&#8217;utilisation de ch\u00e8ques-cadeaux actifs Merelbeke<\/a><\/h2><div class=\"fusion-post-content-container\"><p>       La commune de Merelbeke et son partenaire en mati\u00e8re de ch\u00e8ques-cadeaux municipaux Gift2Give prennent leur responsabilit\u00e9 sociale tr\u00e8s au s\u00e9rieux. A Merelbeke, un ch\u00e8que-cadeau local destin\u00e9 \u00e0 soutenir l'\u00e9conomie locale existe depuis quelques ann\u00e9es d\u00e9j\u00e0 et il a \u00e9t\u00e9 d\u00e9cid\u00e9 que tous les ch\u00e8ques-cadeaux [...]<\/p><\/div><\/div><div class=\"fusion-clearfix\"><\/div><\/article>\n<article id=\"blog-1-post-1581\" class=\"fusion-post-medium-alternate post-1581 post type-post status-publish format-standard has-post-thumbnail hentry category-nouvelles tag-74 tag-carte-cadeau tag-corona tag-economie-locale tag-gift2give tag-rt109 tag-tielt\">\n<div class=\"fusion-date-and-formats\"><div class=\"fusion-date-box updated\"><span class=\"fusion-date\">2<\/span><span class=\"fusion-month-year\">04, 2020<\/span><\/div><div class=\"fusion-format-box\"><i class=\"awb-icon-pen\" aria-hidden=\"true\"><\/i><\/div><\/div>\t<style type=\"text\/css\">\n\t\t\n\t\t\n\t\t\n\t\t\n\t\t\t<\/style>\n\n\n\t\t\t<div class=\"fusion-flexslider flexslider fusion-flexslider-loading fusion-post-slideshow\" style=\"\">\n\t\t<ul class=\"slides\">\n\t\t\t\n\t\t\t\t\t\t\t\t\t\t\t\t\t\t<li><div  class=\"fusion-image-wrapper fusion-image-size-fixed\" aria-haspopup=\"true\">\n\t\t\t\t<img width=\"320\" height=\"202\" src=\"https:\/\/www.gift2give.be\/fr\/wp-content\/uploads\/2020\/04\/Flyer-covid-Tielt-finale-versie-2-320x202.jpg\" class=\"attachment-blog-medium size-blog-medium wp-post-image\" alt=\"\" srcset=\"https:\/\/www.gift2give.be\/fr\/wp-content\/uploads\/2020\/04\/Flyer-covid-Tielt-finale-versie-2-320x202.jpg 320w, https:\/\/www.gift2give.be\/fr\/wp-content\/uploads\/2020\/04\/Flyer-covid-Tielt-finale-versie-2-700x441.jpg 700w\" sizes=\"(max-width: 320px) 100vw, 320px\" \/><div class=\"fusion-rollover\">\n\t<div class=\"fusion-rollover-content\">\n\n\t\t\t\t\t\t\t\t\t\t\t\t\t\t<a class=\"fusion-rollover-link\" href=\"https:\/\/www.gift2give.be\/fr\/nouvelles\/rt109-soutient-leconomie-locale-a-tielt\/\">RT109 soutient l&#8217;\u00e9conomie locale \u00e0 Tielt<\/a>\n\t\t\t\n\t\t\t\t\t\t\t\t\t\t\t\t\t\t\n\t\t\t\t\t\t\t\t\n\t\t\t\t\t\t\t\t\t\t\t\t\t<div class=\"fusion-rollover-sep\"><\/div>\n\t\t\t\t\n\t\t\t\t\t\t\t\t\t\t\t\t\t\t\t\t\t\t<a class=\"fusion-rollover-gallery\" href=\"https:\/\/www.gift2give.be\/fr\/wp-content\/uploads\/2020\/04\/Flyer-covid-Tielt-finale-versie-2.jpg\" data-id=\"1581\" data-rel=\"iLightbox[gallery]\" data-title=\"Flyer-covid Tielt finale versie 2\" data-caption=\"\">\n\t\t\t\t\t\tGallery\t\t\t\t\t<\/a>\n\t\t\t\t\t\t\t\t\t\t\t\t\t\t\n\t\t\n\t\t\t\t\t\t\t\t\t\t\t\t<h4 class=\"fusion-rollover-title\">\n\t\t\t\t\t<a class=\"fusion-rollover-title-link\" href=\"https:\/\/www.gift2give.be\/fr\/nouvelles\/rt109-soutient-leconomie-locale-a-tielt\/\">\n\t\t\t\t\t\tRT109 soutient l&#8217;\u00e9conomie locale \u00e0 Tielt\t\t\t\t\t<\/a>\n\t\t\t\t<\/h4>\n\t\t\t\n\t\t\t\t\t\t\t\t\t\t<div class=\"fusion-rollover-categories\"><a href=\"https:\/\/www.gift2give.be\/fr\/category\/nouvelles\/\" rel=\"tag\">nouvelles<\/a><\/div>\t\t\t\t\t\n\t\t\n\t\t\t\t\t\t<a class=\"fusion-link-wrapper\" href=\"https:\/\/www.gift2give.be\/fr\/nouvelles\/rt109-soutient-leconomie-locale-a-tielt\/\" aria-label=\"RT109 soutient l&#8217;\u00e9conomie locale \u00e0 Tielt\"><\/a>\n\t<\/div>\n<\/div>\n<\/div>\n<\/li>\n\t\t\t\n\t\t\t\n\t\t\t\t\t\t\t\t\t\t\t\t\t\t\t\t\t\t\t\t\t\t\t\t\t\t\t\t\t\t\t\t\t\t\t\t\t\t\t\t\t\t\t\t\t\t\t\t\t\t\t\t\t\t\t\t\t\t\t\t\t\t\t\t\t\t\t\t<\/ul>\n\t<\/div>\n\t<div class=\"fusion-post-content post-content\"><h2 class=\"blog-shortcode-post-title entry-title\"><a href=\"https:\/\/www.gift2give.be\/fr\/nouvelles\/rt109-soutient-leconomie-locale-a-tielt\/\">RT109 soutient l&#8217;\u00e9conomie locale \u00e0 Tielt<\/a><\/h2><div class=\"fusion-post-content-container\"><p>       LA RT109 SOUTIENT L'\u00c9CONOMIE LOCALE \u00c0 TIELT CHER MARCHAND, COMMER\u00c7ANT ET IND\u00c9PENDANT En tant que table ronde de Tielt, un club service de jeunes entrepreneurs, nous voulons donner un coup de pouce \u00e0 l'\u00e9conomie de Tielt. En faisant don de 8 000 euros de [...]<\/p><\/div><\/div><div class=\"fusion-clearfix\"><\/div><\/article>\n<article id=\"blog-1-post-1254\" class=\"fusion-post-medium-alternate post-1254 post type-post status-publish format-standard has-post-thumbnail hentry category-nouvelles tag-94 tag-anvers tag-bons-de-mobilites tag-gift2give tag-smart-to-antwerp\">\n<div class=\"fusion-date-and-formats\"><div class=\"fusion-date-box updated\"><span class=\"fusion-date\">3<\/span><span class=\"fusion-month-year\">07, 2019<\/span><\/div><div class=\"fusion-format-box\"><i class=\"awb-icon-pen\" aria-hidden=\"true\"><\/i><\/div><\/div>\t<style type=\"text\/css\">\n\t\t\n\t\t\n\t\t\n\t\t\n\t\t\t<\/style>\n\n\n\t\t\t<div class=\"fusion-flexslider flexslider fusion-flexslider-loading fusion-post-slideshow\" style=\"\">\n\t\t<ul class=\"slides\">\n\t\t\t\n\t\t\t\t\t\t\t\t\t\t\t\t\t\t<li><div  class=\"fusion-image-wrapper fusion-image-size-fixed\" aria-haspopup=\"true\">\n\t\t\t\t<img width=\"320\" height=\"202\" src=\"https:\/\/www.gift2give.be\/fr\/wp-content\/uploads\/2019\/07\/bg-smart-card-320x202.jpg\" class=\"attachment-blog-medium size-blog-medium wp-post-image\" alt=\"\" srcset=\"https:\/\/www.gift2give.be\/fr\/wp-content\/uploads\/2019\/07\/bg-smart-card-320x202.jpg 320w, https:\/\/www.gift2give.be\/fr\/wp-content\/uploads\/2019\/07\/bg-smart-card-700x441.jpg 700w\" sizes=\"(max-width: 320px) 100vw, 320px\" \/><div class=\"fusion-rollover\">\n\t<div class=\"fusion-rollover-content\">\n\n\t\t\t\t\t\t\t\t\t\t\t\t\t\t<a class=\"fusion-rollover-link\" href=\"https:\/\/www.gift2give.be\/fr\/nouvelles\/smart-a-anvers-avec-gift2give\/\">Smart \u00e0 Anvers avec Gift2Give<\/a>\n\t\t\t\n\t\t\t\t\t\t\t\t\t\t\t\t\t\t\n\t\t\t\t\t\t\t\t\n\t\t\t\t\t\t\t\t\t\t\t\t\t<div class=\"fusion-rollover-sep\"><\/div>\n\t\t\t\t\n\t\t\t\t\t\t\t\t\t\t\t\t\t\t\t\t\t\t<a class=\"fusion-rollover-gallery\" href=\"https:\/\/www.gift2give.be\/fr\/wp-content\/uploads\/2019\/07\/bg-smart-card.jpg\" data-id=\"1254\" data-rel=\"iLightbox[gallery]\" data-title=\"bg-smart-card\" data-caption=\"\">\n\t\t\t\t\t\tGallery\t\t\t\t\t<\/a>\n\t\t\t\t\t\t\t\t\t\t\t\t\t\t\n\t\t\n\t\t\t\t\t\t\t\t\t\t\t\t<h4 class=\"fusion-rollover-title\">\n\t\t\t\t\t<a class=\"fusion-rollover-title-link\" href=\"https:\/\/www.gift2give.be\/fr\/nouvelles\/smart-a-anvers-avec-gift2give\/\">\n\t\t\t\t\t\tSmart \u00e0 Anvers avec Gift2Give\t\t\t\t\t<\/a>\n\t\t\t\t<\/h4>\n\t\t\t\n\t\t\t\t\t\t\t\t\t\t<div class=\"fusion-rollover-categories\"><a href=\"https:\/\/www.gift2give.be\/fr\/category\/nouvelles\/\" rel=\"tag\">nouvelles<\/a><\/div>\t\t\t\t\t\n\t\t\n\t\t\t\t\t\t<a class=\"fusion-link-wrapper\" href=\"https:\/\/www.gift2give.be\/fr\/nouvelles\/smart-a-anvers-avec-gift2give\/\" aria-label=\"Smart \u00e0 Anvers avec Gift2Give\"><\/a>\n\t<\/div>\n<\/div>\n<\/div>\n<\/li>\n\t\t\t\n\t\t\t\n\t\t\t\t\t\t\t\t\t\t\t\t\t\t\t\t\t\t\t\t\t\t\t\t\t\t\t\t\t\t\t\t\t\t\t\t\t\t\t\t\t\t\t\t\t\t\t\t\t\t\t\t\t\t\t\t\t\t\t\t\t\t\t\t\t\t\t\t<\/ul>\n\t<\/div>\n\t<div class=\"fusion-post-content post-content\"><h2 class=\"blog-shortcode-post-title entry-title\"><a href=\"https:\/\/www.gift2give.be\/fr\/nouvelles\/smart-a-anvers-avec-gift2give\/\">Smart \u00e0 Anvers avec Gift2Give<\/a><\/h2><div class=\"fusion-post-content-container\"><p>     Nous sommes l\u00e0 ! La ville d'Anvers choisit GIFT2GIVE comme partenaire ! En collaboration avec la ville d'Anvers, nous allons d\u00e9ployer un projet sur les ch\u00e8ques mobilit\u00e9. Ce projet vise \u00e0 r\u00e9compenser activement les r\u00e9sidents, les visiteurs et les navetteurs par des incitations \u00e0 la mobilit\u00e9 [...]<\/p><\/div><\/div><div class=\"fusion-clearfix\"><\/div><\/article>\n<\/div><\/div><\/div><style type=\"text\/css\">.fusion-body .fusion-builder-column-0{width:100% !important;margin-top : 15px;margin-bottom : 15px;}.fusion-builder-column-0 > .fusion-column-wrapper {padding-top : 0px !important;padding-right : 0px !important;margin-right : 1.92%;padding-bottom : 0px !important;padding-left : 0px !important;margin-left : 1.92%;}@media only screen and (max-width:1024px) {.fusion-body .fusion-builder-column-0{width:100% !important;}.fusion-builder-column-0 > .fusion-column-wrapper {margin-right : 1.92%;margin-left : 1.92%;}}@media only screen and (max-width:640px) {.fusion-body .fusion-builder-column-0{width:100% !important;}.fusion-builder-column-0 > .fusion-column-wrapper {margin-right : 1.92%;margin-left : 1.92%;}}<\/style><\/div><\/div><style type=\"text\/css\">.fusion-body .fusion-flex-container.fusion-builder-row-1{ padding-top : 0px;margin-top : 0px;padding-right : 0px;padding-bottom : 0px;margin-bottom : 0px;padding-left : 0px;}<\/style><\/div>\n","protected":false},"excerpt":{"rendered":"","protected":false},"author":1,"featured_media":0,"parent":0,"menu_order":0,"comment_status":"closed","ping_status":"closed","template":"100-width.php","meta":{"_mi_skip_tracking":false},"yoast_head":"<!-- This site is optimized with the Yoast SEO plugin v19.4 - https:\/\/yoast.com\/wordpress\/plugins\/seo\/ -->\n<title>Nouvelles - Gift2Give<\/title>\n<meta name=\"robots\" content=\"index, follow, max-snippet:-1, max-image-preview:large, max-video-preview:-1\" \/>\n<link rel=\"canonical\" href=\"https:\/\/www.gift2give.be\/fr\/nouvelles\/\" \/>\n<meta property=\"og:locale\" content=\"en_US\" \/>\n<meta property=\"og:type\" content=\"article\" \/>\n<meta property=\"og:title\" content=\"Nouvelles - Gift2Give\" \/>\n<meta property=\"og:url\" content=\"https:\/\/www.gift2give.be\/fr\/nouvelles\/\" \/>\n<meta property=\"og:site_name\" content=\"Gift2Give\" \/>\n<meta property=\"article:modified_time\" content=\"2021-08-01T11:14:47+00:00\" \/>\n<meta name=\"twitter:card\" content=\"summary_large_image\" \/>\n<meta name=\"twitter:label1\" content=\"Est. reading time\" \/>\n\t<meta name=\"twitter:data1\" content=\"2 minutes\" \/>\n<script type=\"application\/ld+json\" class=\"yoast-schema-graph\">{\"@context\":\"https:\/\/schema.org\",\"@graph\":[{\"@type\":\"WebSite\",\"@id\":\"https:\/\/www.gift2give.be\/fr\/#website\",\"url\":\"https:\/\/www.gift2give.be\/fr\/\",\"name\":\"Gift2Give\",\"description\":\"Dynamise L&#039;\u00e9conomie Locale\",\"potentialAction\":[{\"@type\":\"SearchAction\",\"target\":{\"@type\":\"EntryPoint\",\"urlTemplate\":\"https:\/\/www.gift2give.be\/fr\/?s={search_term_string}\"},\"query-input\":\"required name=search_term_string\"}],\"inLanguage\":\"en-US\"},{\"@type\":\"WebPage\",\"@id\":\"https:\/\/www.gift2give.be\/fr\/nouvelles\/\",\"url\":\"https:\/\/www.gift2give.be\/fr\/nouvelles\/\",\"name\":\"Nouvelles - Gift2Give\",\"isPartOf\":{\"@id\":\"https:\/\/www.gift2give.be\/fr\/#website\"},\"datePublished\":\"2019-04-28T09:50:21+00:00\",\"dateModified\":\"2021-08-01T11:14:47+00:00\",\"breadcrumb\":{\"@id\":\"https:\/\/www.gift2give.be\/fr\/nouvelles\/#breadcrumb\"},\"inLanguage\":\"en-US\",\"potentialAction\":[{\"@type\":\"ReadAction\",\"target\":[\"https:\/\/www.gift2give.be\/fr\/nouvelles\/\"]}]},{\"@type\":\"BreadcrumbList\",\"@id\":\"https:\/\/www.gift2give.be\/fr\/nouvelles\/#breadcrumb\",\"itemListElement\":[{\"@type\":\"ListItem\",\"position\":1,\"name\":\"Home\",\"item\":\"https:\/\/www.gift2give.be\/fr\/\"},{\"@type\":\"ListItem\",\"position\":2,\"name\":\"Nouvelles\"}]}]}<\/script>\n<!-- \/ Yoast SEO plugin. -->","yoast_head_json":{"title":"Nouvelles - Gift2Give","robots":{"index":"index","follow":"follow","max-snippet":"max-snippet:-1","max-image-preview":"max-image-preview:large","max-video-preview":"max-video-preview:-1"},"canonical":"https:\/\/www.gift2give.be\/fr\/nouvelles\/","og_locale":"en_US","og_type":"article","og_title":"Nouvelles - Gift2Give","og_url":"https:\/\/www.gift2give.be\/fr\/nouvelles\/","og_site_name":"Gift2Give","article_modified_time":"2021-08-01T11:14:47+00:00","twitter_card":"summary_large_image","twitter_misc":{"Est. reading time":"2 minutes"},"schema":{"@context":"https:\/\/schema.org","@graph":[{"@type":"WebSite","@id":"https:\/\/www.gift2give.be\/fr\/#website","url":"https:\/\/www.gift2give.be\/fr\/","name":"Gift2Give","description":"Dynamise L&#039;\u00e9conomie Locale","potentialAction":[{"@type":"SearchAction","target":{"@type":"EntryPoint","urlTemplate":"https:\/\/www.gift2give.be\/fr\/?s={search_term_string}"},"query-input":"required name=search_term_string"}],"inLanguage":"en-US"},{"@type":"WebPage","@id":"https:\/\/www.gift2give.be\/fr\/nouvelles\/","url":"https:\/\/www.gift2give.be\/fr\/nouvelles\/","name":"Nouvelles - Gift2Give","isPartOf":{"@id":"https:\/\/www.gift2give.be\/fr\/#website"},"datePublished":"2019-04-28T09:50:21+00:00","dateModified":"2021-08-01T11:14:47+00:00","breadcrumb":{"@id":"https:\/\/www.gift2give.be\/fr\/nouvelles\/#breadcrumb"},"inLanguage":"en-US","potentialAction":[{"@type":"ReadAction","target":["https:\/\/www.gift2give.be\/fr\/nouvelles\/"]}]},{"@type":"BreadcrumbList","@id":"https:\/\/www.gift2give.be\/fr\/nouvelles\/#breadcrumb","itemListElement":[{"@type":"ListItem","position":1,"name":"Home","item":"https:\/\/www.gift2give.be\/fr\/"},{"@type":"ListItem","position":2,"name":"Nouvelles"}]}]}},"_links":{"self":[{"href":"https:\/\/www.gift2give.be\/fr\/wp-json\/wp\/v2\/pages\/806"}],"collection":[{"href":"https:\/\/www.gift2give.be\/fr\/wp-json\/wp\/v2\/pages"}],"about":[{"href":"https:\/\/www.gift2give.be\/fr\/wp-json\/wp\/v2\/types\/page"}],"author":[{"embeddable":true,"href":"https:\/\/www.gift2give.be\/fr\/wp-json\/wp\/v2\/users\/1"}],"replies":[{"embeddable":true,"href":"https:\/\/www.gift2give.be\/fr\/wp-json\/wp\/v2\/comments?post=806"}],"version-history":[{"count":13,"href":"https:\/\/www.gift2give.be\/fr\/wp-json\/wp\/v2\/pages\/806\/revisions"}],"predecessor-version":[{"id":2198,"href":"https:\/\/www.gift2give.be\/fr\/wp-json\/wp\/v2\/pages\/806\/revisions\/2198"}],"wp:attachment":[{"href":"https:\/\/www.gift2give.be\/fr\/wp-json\/wp\/v2\/media?parent=806"}],"curies":[{"name":"wp","href":"https:\/\/api.w.org\/{rel}","templated":true}]}}